{"id":29698,"date":"2023-10-09T19:55:34","date_gmt":"2023-10-09T17:55:34","guid":{"rendered":"https:\/\/ecole-peg.ch\/?page_id=29698"},"modified":"2025-07-02T15:55:32","modified_gmt":"2025-07-02T13:55:32","slug":"informaciones-practicas","status":"publish","type":"page","link":"https:\/\/ecole-peg.ch\/es\/informaciones-practicas\/","title":{"rendered":"INFORMACIONES PR\u00c1CTICAS"},"content":{"rendered":"<p>[et_pb_section fb_built=\u00bb1&#8243; admin_label=\u00bbsection\u00bb _builder_version=\u00bb4.22.2&#8243; use_background_color_gradient=\u00bbon\u00bb background_color_gradient_stops=\u00bbrgba(0,0,0,0.46) 0%|rgba(0,0,0,0.52) 100%\u00bb background_color_gradient_overlays_image=\u00bbon\u00bb background_image=\u00bbhttps:\/\/ecole-peg.ch\/wp-content\/uploads\/2023\/10\/breadcrumbs.jpg\u00bb global_colors_info=\u00bb{}\u00bb][et_pb_row admin_label=\u00bbrow\u00bb _builder_version=\u00bb4.16&#8243; background_size=\u00bbinitial\u00bb background_position=\u00bbtop_left\u00bb background_repeat=\u00bbrepeat\u00bb global_colors_info=\u00bb{}\u00bb][et_pb_column type=\u00bb4_4&#8243; _builder_version=\u00bb4.16&#8243; custom_padding=\u00bb|||\u00bb global_colors_info=\u00bb{}\u00bb custom_padding__hover=\u00bb|||\u00bb][et_pb_text admin_label=\u00bbText\u00bb _builder_version=\u00bb4.23&#8243; header_font=\u00bb|600||on|||||\u00bb header_text_align=\u00bbcenter\u00bb header_text_color=\u00bb#E85342&#8243; background_size=\u00bbinitial\u00bb background_position=\u00bbtop_left\u00bb background_repeat=\u00bbrepeat\u00bb custom_padding=\u00bb50px||50px||false|false\u00bb global_colors_info=\u00bb{}\u00bb]<\/p>\n<h1>INFORMACIONES PR\u00c1CTICAS<\/h1>\n<p>[\/et_pb_text][\/et_pb_column][\/et_pb_row][\/et_pb_section][et_pb_section fb_built=\u00bb1&#8243; _builder_version=\u00bb4.22.2&#8243; _module_preset=\u00bbdefault\u00bb global_colors_info=\u00bb{}\u00bb][et_pb_row column_structure=\u00bb1_2,1_2&#8243; _builder_version=\u00bb4.22.2&#8243; _module_preset=\u00bbdefault\u00bb global_colors_info=\u00bb{}\u00bb][et_pb_column type=\u00bb1_2&#8243; _builder_version=\u00bb4.22.2&#8243; _module_preset=\u00bbdefault\u00bb global_colors_info=\u00bb{}\u00bb][et_pb_text _builder_version=\u00bb4.27.4&#8243; _module_preset=\u00bbdefault\u00bb header_4_font=\u00bb|600|||||||\u00bb header_4_font_size=\u00bb26px\u00bb hover_enabled=\u00bb0&#8243; global_colors_info=\u00bb{}\u00bb text_font_size=\u00bb16px\u00bb sticky_enabled=\u00bb0&#8243;]<\/p>\n<h4><strong>La escuela<\/strong><\/h4>\n<p>Rue du Nant 34<br \/>1207 Gen\u00e8ve<\/p>\n<p>A menos de 15 minutos de la estaci\u00f3n de tren de Eaux-Vives (L\u00e9man Express)<\/p>\n<h4>Como encontrarnos :<\/h4>\n<p><strong>En Tren:\u00a0<\/strong><\/p>\n<p>L\u00e9man Express<\/p>\n<p><strong>En Tram<\/strong>\u00a0:<\/p>\n<p>12, 17 y 21: parada Gen\u00e8ve-Eaux-Vives-Gare<\/p>\n<p><strong>En Bus<\/strong><span>\u00a0<\/span>:<\/p>\n<p>1 y 9: parada 31-d\u00e9cembre<br \/>2, 6, E y G : parada Vollandes<\/p>\n<p>[\/et_pb_text][\/et_pb_column][et_pb_column type=\u00bb1_2&#8243; _builder_version=\u00bb4.22.2&#8243; _module_preset=\u00bbdefault\u00bb global_colors_info=\u00bb{}\u00bb][et_pb_code _builder_version=\u00bb4.22.2&#8243; _module_preset=\u00bbdefault\u00bb global_colors_info=\u00bb{}\u00bb]<iframe loading=\"lazy\" style=\"border: 0;\" src=\"https:\/\/www.google.com\/maps\/embed?pb=!1m14!1m8!1m3!1d5522.70985550063!2d6.163051!3d46.203394!3m2!1i1024!2i768!4f13.1!3m3!1m2!1s0x0%3A0x4cb34c21a277440f!2sEcole+PEG!5e0!3m2!1sfr!2sch!4v1562144881935!5m2!1sfr!2sch\" width=\"100%\" height=\"450\" frameborder=\"0\" allowfullscreen=\"allowfullscreen\"><\/iframe>[\/et_pb_code][\/et_pb_column][\/et_pb_row][\/et_pb_section][et_pb_section fb_built=\u00bb1&#8243; _builder_version=\u00bb4.22.2&#8243; _module_preset=\u00bbdefault\u00bb global_colors_info=\u00bb{}\u00bb custom_padding=\u00bb37px|||||\u00bb][et_pb_row _builder_version=\u00bb4.22.2&#8243; _module_preset=\u00bbdefault\u00bb global_colors_info=\u00bb{}\u00bb custom_padding=\u00bb6px|||||\u00bb][et_pb_column type=\u00bb4_4&#8243; _builder_version=\u00bb4.22.2&#8243; _module_preset=\u00bbdefault\u00bb global_colors_info=\u00bb{}\u00bb][et_pb_text _builder_version=\u00bb4.27.4&#8243; _module_preset=\u00bbdefault\u00bb header_4_font=\u00bb|600|||||||\u00bb header_4_text_align=\u00bbcenter\u00bb header_4_font_size=\u00bb26px\u00bb header_5_text_align=\u00bbcenter\u00bb header_5_font_size=\u00bb20px\u00bb header_6_font_size=\u00bb16px\u00bb hover_enabled=\u00bb0&#8243; global_colors_info=\u00bb{}\u00bb sticky_enabled=\u00bb0&#8243;]<\/p>\n<h4><strong>Mi estancia en Suiza<\/strong><\/h4>\n<h5>Permiso de residencia y seguro m\u00e9dico<\/h5>\n<p>[\/et_pb_text][\/et_pb_column][\/et_pb_row][et_pb_row _builder_version=\u00bb4.27.4&#8243; _module_preset=\u00bbdefault\u00bb column_structure=\u00bb2_5,3_5&#8243;][et_pb_column _builder_version=\u00bb4.27.4&#8243; _module_preset=\u00bbdefault\u00bb type=\u00bb2_5&#8243;][et_pb_image src=\u00bbhttps:\/\/ecole-peg.ch\/wp-content\/uploads\/2023\/10\/course_cat_bg.jpg\u00bb _builder_version=\u00bb4.27.4&#8243; _module_preset=\u00bbdefault\u00bb title_text=\u00bbcourse_cat_bg\u00bb hover_enabled=\u00bb0&#8243; sticky_enabled=\u00bb0&#8243;][\/et_pb_image][\/et_pb_column][et_pb_column _builder_version=\u00bb4.27.4&#8243; _module_preset=\u00bbdefault\u00bb type=\u00bb3_5&#8243;][et_pb_text _builder_version=\u00bb4.27.4&#8243; _module_preset=\u00bbdefault\u00bb text_font_size=\u00bb16px\u00bb hover_enabled=\u00bb0&#8243; sticky_enabled=\u00bb0&#8243;]<\/p>\n<p>Las condiciones para obtener un visado\/permiso de estudiante no son las mismas para los ciudadanos de la UE\/AELC y para los ciudadanos de \u00abterceros pa\u00edses\u00bb.<\/p>\n<p>Si perteneces a un <a href=\"https:\/\/www.sem.admin.ch\/sem\/fr\/home\/themen\/fza_schweiz-eu-efta\/eu-efta_buerger_schweiz.html\">pa\u00eds de la UE\/AELE<\/a> no necesitas un visado para venir a Suiza.<\/p>\n<p>Desde tu llegada a Ginebra, debes tomar las<span>\u00a0<\/span><a href=\"https:\/\/www.ge.ch\/demander-permis-sejour-etudiant\/je-suis-ressortissant-pays-membre-ueaele\" target=\"_blank\" rel=\"noopener\">medidas necesarias<\/a><span>\u00a0<\/span>ante las autoridades cantonales.<\/p>\n<p>Si\u00a0 no perteneces a un pa\u00eds de la UE\/AELC, debes ponerte en contacto con la embajada de Suiza de tu lugar pa\u00eds de residencia.<\/p>\n<p>[\/et_pb_text][\/et_pb_column][\/et_pb_row][et_pb_row _builder_version=\u00bb4.27.4&#8243; _module_preset=\u00bbdefault\u00bb custom_padding=\u00bb9px|||||\u00bb][et_pb_column _builder_version=\u00bb4.27.4&#8243; _module_preset=\u00bbdefault\u00bb type=\u00bb4_4&#8243;][et_pb_text _builder_version=\u00bb4.27.4&#8243; _module_preset=\u00bbdefault\u00bb text_font_size=\u00bb16px\u00bb hover_enabled=\u00bb0&#8243; sticky_enabled=\u00bb0&#8243;]<\/p>\n<p>Deber\u00e1s adjuntar en la solicitud, una serie de documentos y justificativos \u00a0que podr\u00e1n variar seg\u00fan el pa\u00eds. Por lo tanto, te aconsejamos que consultes el sitio web de la embajada suiza de tu lugar de residencia para obtener m\u00e1s informaci\u00f3n sobre el procedimiento.<\/p>\n<p>Es necesario empezar con anticipaci\u00f3n.<span>\u00a0<\/span><strong>El tiempo de respuesta var\u00eda entre 12 y 16 semanas<\/strong>. Debes esperar la respuesta del visado en tu pa\u00eds por parte de las autoridades suizas.<\/p>\n<p>[\/et_pb_text][\/et_pb_column][\/et_pb_row][et_pb_row _builder_version=\u00bb4.27.4&#8243; _module_preset=\u00bbdefault\u00bb column_structure=\u00bb3_5,2_5&#8243; custom_margin=\u00bb-12px|auto||auto||\u00bb][et_pb_column _builder_version=\u00bb4.27.4&#8243; _module_preset=\u00bbdefault\u00bb type=\u00bb3_5&#8243;][et_pb_text _builder_version=\u00bb4.27.4&#8243; _module_preset=\u00bbdefault\u00bb text_font_size=\u00bb16px\u00bb hover_enabled=\u00bb0&#8243; sticky_enabled=\u00bb0&#8243;]<\/p>\n<h4><strong>En la pr\u00e1ctica, \u00bf qu\u00e9 debo hacer ?<\/strong><\/h4>\n<p><img decoding=\"async\" class=\"alignright size-medium wp-image-562\" src=\"https:\/\/www.ecole-peg.ch\/wp-content\/uploads\/2017\/11\/typo_2.jpg\" alt=\"\" \/><\/p>\n<p>En primer lugar, debes inscribirte en un curso de 20 horas por semana.<\/p>\n<p>Nuestro<span>\u00a0<\/span><strong>curso intensivo de franc\u00e9s<\/strong><span>\u00a0<\/span>cumple con este requisito. En el momento de la inscripci\u00f3n, deber\u00e1 abonar una tasa de inscripci\u00f3n de 100 francos suizos. El certificado de elegibilidad y el plan de estudios requerido para tu solicitud de visa ser\u00e1n emitidos una vez efectuado el pago.<\/p>\n<p>Est\u00e1s listo para presentar tu solicitud en el consulado suizo. Nuestro equipo est\u00e1 a tu disposici\u00f3n para ayudarte a elaborar tu expediente.<\/p>\n<p>[\/et_pb_text][\/et_pb_column][et_pb_column _builder_version=\u00bb4.27.4&#8243; _module_preset=\u00bbdefault\u00bb type=\u00bb2_5&#8243;][et_pb_image src=\u00bbhttps:\/\/ecole-peg.ch\/wp-content\/uploads\/2023\/10\/typo_2.jpg\u00bb _builder_version=\u00bb4.27.4&#8243; _module_preset=\u00bbdefault\u00bb title_text=\u00bbtypo_2&#8243; hover_enabled=\u00bb0&#8243; sticky_enabled=\u00bb0&#8243;][\/et_pb_image][\/et_pb_column][\/et_pb_row][et_pb_row _builder_version=\u00bb4.27.4&#8243; _module_preset=\u00bbdefault\u00bb][et_pb_column _builder_version=\u00bb4.27.4&#8243; _module_preset=\u00bbdefault\u00bb type=\u00bb4_4&#8243;][et_pb_text _builder_version=\u00bb4.27.4&#8243; _module_preset=\u00bbdefault\u00bb hover_enabled=\u00bb0&#8243; sticky_enabled=\u00bb0&#8243; custom_margin=\u00bb-15px|||||\u00bb text_font_size=\u00bb16px\u00bb]<\/p>\n<h4><strong>\u00bf Has obtenido el permiso de residencia y ya te encuentras en Suiza ?<\/strong><\/h4>\n<p>Debes adquirir un seguro de asistencia m\u00e9dica en caso de enfermedad y accidente. Es muy importante ya que el costo de la asistencia m\u00e9dica en Suiza es muy elevado. Como estudiante, te puedes beneficiar de una tarifa ventajosa.\u00a0 Tambi\u00e9n puedes solicitar una exenci\u00f3n de la obligaci\u00f3n de proporcionar un seguro m\u00e9dico si cuentas con un seguro internacional con una cobertura equivalente a la necesaria en Suiza.<\/p>\n<p><span style=\"text-decoration: underline;\">Una lista de empresas aseguradoras est\u00e1 disponible en nuestra secretar\u00eda.<\/span><\/p>\n<p><span style=\"text-decoration: underline;\"><\/span><\/p>\n<h4><strong>Alojamiento<\/strong><\/h4>\n<p>La escuela no proporciona alojamiento a sus estudiantes, pero les sugiere que consulte el siguiente enlace :<\/p>\n<p><a href=\"https:\/\/www.geneve.ch\/fr\/public\/jeunes\/trouver-logement\" target=\"_blank\" rel=\"noopener\">https:\/\/www.geneve.ch\/fr\/public\/jeunes\/trouver-logement<\/a><\/p>\n<p>[\/et_pb_text][\/et_pb_column][\/et_pb_row][\/et_pb_section]<\/p>\n","protected":false},"excerpt":{"rendered":"<p>INFORMACIONES PR\u00c1CTICASLa escuela Rue du Nant 341207 Gen\u00e8ve A menos de 15 minutos de la estaci\u00f3n de tren de Eaux-Vives (L\u00e9man Express) Como encontrarnos : En Tren:\u00a0 L\u00e9man Express En Tram\u00a0: 12, 17 y 21: parada Gen\u00e8ve-Eaux-Vives-Gare En Bus\u00a0: 1 y 9: parada 31-d\u00e9cembre2, 6, E y G : parada VollandesMi estancia en Suiza Permiso [&hellip;]<\/p>\n","protected":false},"author":1,"featured_media":0,"parent":0,"menu_order":44,"comment_status":"closed","ping_status":"closed","template":"","meta":{"_et_pb_use_builder":"on","_et_pb_old_content":"[et_pb_section fb_built=\"1\" admin_label=\"section\" _builder_version=\"4.22.2\" hover_enabled=\"0\" global_colors_info=\"{}\" title_text=\"breadcrumbs\" background_image=\"https:\/\/ecole-peg.ch\/wp-content\/uploads\/2023\/10\/breadcrumbs.jpg\" use_background_color_gradient=\"on\" background_color_gradient_stops=\"rgba(0,0,0,0.46) 0%|rgba(0,0,0,0.52) 100%\" background_color_gradient_overlays_image=\"on\" sticky_enabled=\"0\"][et_pb_row admin_label=\"row\" _builder_version=\"4.16\" background_size=\"initial\" background_position=\"top_left\" background_repeat=\"repeat\" global_colors_info=\"{}\"][et_pb_column type=\"4_4\" _builder_version=\"4.16\" custom_padding=\"|||\" global_colors_info=\"{}\" custom_padding__hover=\"|||\"][et_pb_text admin_label=\"Text\" _builder_version=\"4.22.2\" background_size=\"initial\" background_position=\"top_left\" background_repeat=\"repeat\" hover_enabled=\"0\" global_colors_info=\"{}\" header_font=\"|600||on|||||\" header_text_align=\"center\" header_text_color=\"#E85342\" custom_padding=\"50px||50px||false|false\" sticky_enabled=\"0\"]\n<h1>Infos Pratiques<\/h1>\n[\/et_pb_text][\/et_pb_column][\/et_pb_row][\/et_pb_section][et_pb_section fb_built=\"1\" theme_builder_area=\"post_content\" _builder_version=\"4.22.2\" _module_preset=\"default\"][et_pb_row _builder_version=\"4.22.2\" _module_preset=\"default\" column_structure=\"1_2,1_2\" theme_builder_area=\"post_content\"][et_pb_column _builder_version=\"4.22.2\" _module_preset=\"default\" type=\"1_2\" theme_builder_area=\"post_content\"][et_pb_text _builder_version=\"4.22.2\" _module_preset=\"default\" theme_builder_area=\"post_content\" header_4_font_size=\"26px\" header_4_font=\"|600|||||||\" hover_enabled=\"0\" sticky_enabled=\"0\"]\n<h4><strong>L\u2019\u00e9cole<\/strong><\/h4>\nRue du Nant 34\n1207 Gen\u00e8ve\n\n\u00c0 moins de 15 minutes de la gare des Eaux-Vives (L\u00e9man Express)\n\n&nbsp;\n<h4>Comment s\u2019y rendre\u00a0:<\/h4>\n<strong>Train:\u00a0<\/strong>\n\nL\u00e9man Express\n\n<strong>Tram<\/strong>\u00a0:\n\nLignes 12, 17 et 21 : arr\u00eat Gen\u00e8ve-Eaux-Vives-Gare\n\n<strong>Bus<\/strong><span>\u00a0<\/span>:\n\nLignes 1 et 9: arr\u00eat 31 d\u00e9cembre\nLignes 2, 6, E et G : arr\u00eat Vollandes\n\n[\/et_pb_text][\/et_pb_column][et_pb_column _builder_version=\"4.22.2\" _module_preset=\"default\" type=\"1_2\" theme_builder_area=\"post_content\"][et_pb_code _builder_version=\"4.22.2\" _module_preset=\"default\" theme_builder_area=\"post_content\" hover_enabled=\"0\" sticky_enabled=\"0\"]<iframe style=\"border: 0;\" src=\"https:\/\/www.google.com\/maps\/embed?pb=!1m14!1m8!1m3!1d5522.70985550063!2d6.163051!3d46.203394!3m2!1i1024!2i768!4f13.1!3m3!1m2!1s0x0%3A0x4cb34c21a277440f!2sEcole+PEG!5e0!3m2!1sfr!2sch!4v1562144881935!5m2!1sfr!2sch\" width=\"100%\" height=\"450\" frameborder=\"0\" allowfullscreen=\"allowfullscreen\"><\/iframe>[\/et_pb_code][\/et_pb_column][\/et_pb_row][\/et_pb_section][et_pb_section fb_built=\"1\" theme_builder_area=\"post_content\" _builder_version=\"4.22.2\" _module_preset=\"default\"][et_pb_row _builder_version=\"4.22.2\" _module_preset=\"default\" theme_builder_area=\"post_content\"][et_pb_column _builder_version=\"4.22.2\" _module_preset=\"default\" type=\"4_4\" theme_builder_area=\"post_content\"][et_pb_text _builder_version=\"4.22.2\" _module_preset=\"default\" theme_builder_area=\"post_content\" header_4_text_align=\"center\" header_4_font=\"|600|||||||\" header_4_font_size=\"26px\" header_5_text_align=\"center\" header_5_font_size=\"20px\" header_6_font_size=\"16px\" hover_enabled=\"0\" sticky_enabled=\"0\"]\n<h4>Mon s\u00e9jour en Suisse<\/h4>\n<h5>Autorisation de s\u00e9jour et assurance-maladie<\/h5>\n&nbsp;\n\n<img src=\"https:\/\/ecole-peg.ch\/wp-content\/uploads\/2023\/10\/course_cat_bg-300x186.jpg\" width=\"300\" height=\"186\" alt=\"\" class=\"wp-image-28862 alignnone size-medium\" style=\"float: left;\" \/>Les conditions d\u2019octroi du visa\/permis \u00e9tudiant ne sont pas les m\u00eames pour les ressortissants de l\u2019UE\/AELE et les ressortissants des \u00ab\u00a0Etats Tiers\u00a0\u00bb.\n\nSi vous \u00eates originaire d\u2019un<span>\u00a0<\/span><a href=\"https:\/\/www.sem.admin.ch\/sem\/fr\/home\/themen\/fza_schweiz-eu-efta\/eu-efta_buerger_schweiz.html\" target=\"_blank\" rel=\"noopener\">pays membre de l\u2019UE\/AELE<\/a>, vous n\u2019avez pas besoin d\u2019un visa pour venir en Suisse.\n\nD\u00e8s votre arriv\u00e9e \u00e0 Gen\u00e8ve, vous devez effectuer les<span>\u00a0<\/span><a href=\"https:\/\/www.ge.ch\/demander-permis-sejour-etudiant\/je-suis-ressortissant-pays-membre-ueaele\" target=\"_blank\" rel=\"noopener\">d\u00e9marches n\u00e9cessaires<\/a>\u00a0aupr\u00e8s des autorit\u00e9s cantonales.\n\nSi vous \u00eates originaire d\u2019un pays hors UE\/AELE, vous devez vous adresser \u00e0 la repr\u00e9sentation suisse de votre lieu de r\u00e9sidence.\n\nVous devez joindre \u00e0 votre demande un certain nombre de documents et justificatifs qui peuvent varier en fonction du pays. Nous vous conseillons donc de consulter le site internet de la repr\u00e9sentation suisse de votre lieu de r\u00e9sidence pour conna\u00eetre le d\u00e9tail de la proc\u00e9dure.\n\n&nbsp;\n\n<img src=\"https:\/\/ecole-peg.ch\/wp-content\/uploads\/2023\/10\/typo_2-300x200.jpg\" width=\"300\" height=\"200\" alt=\"\" class=\"wp-image-29221 alignnone size-medium\" style=\"float: right;\" \/>Entamez vos d\u00e9marches suffisamment \u00e0 l\u2019avance.<span>\u00a0<\/span><u>Le d\u00e9lai de r\u00e9ponse varie entre 12 et 16 semaines<\/u>. Vous devez attendre la r\u00e9ponse des autorit\u00e9s suisses \u00e0 votre demande de visa dans votre pays.\n<h6><strong>Concr\u00e8tement, comment s\u2019y prendre\u00a0?<\/strong><\/h6>\nTout d\u2019abord, vous devez vous inscrire \u00e0 un cours de 20 heures par semaine.\n\nNotre cours de<span>\u00a0<\/span><strong>Fran\u00e7ais intensif<\/strong><span>\u00a0<\/span>correspond \u00e0 cette exigence. Au moment de l\u2019inscription, vous devez vous acquitter des frais d\u2019inscription de CHF 100. L\u2019attestation d\u2019admissibilit\u00e9 ainsi que le plan d\u2019\u00e9tudes, n\u00e9cessaires \u00e0 votre demande de visa, seront d\u00e9livr\u00e9s d\u00e8s r\u00e9ception de votre paiement.\n\nUne fois votre dossier constitu\u00e9, vous \u00eates pr\u00eat \u00e0 soumettre votre demande au consulat suisse. Notre \u00e9quipe se tient \u00e0 votre disposition pour vous aider \u00e0 constituer votre dossier.\n<h6><strong>Vous avez obtenu votre autorisation de s\u00e9jour et vous \u00eates d\u00e9j\u00e0 en Suisse\u00a0?<\/strong><\/h6>\nVous devez souscrire une assurance pour les soins en cas de maladie et d\u2019accident. Il est tr\u00e8s important de le faire car en Suisse le co\u00fbt de la sant\u00e9 est extr\u00eamement \u00e9lev\u00e9. En tant qu\u2019\u00e9tudiant, vous b\u00e9n\u00e9ficierez d\u2019un tarif avantageux.\u00a0 Vous pouvez aussi demander une dispense \u00e0 l\u2019obligation d\u2019assurance maladie si vous b\u00e9n\u00e9ficiez d\u2019une assurance internationale avec une couverture \u00e9quivalente \u00e0 ce qui est exig\u00e9 pour les traitements en Suisse.\n\n<u>Une liste des assurances pour \u00e9tudiants est disponible aupr\u00e8s de notre secr\u00e9tariat<\/u>.\n<h6><strong>Logement<\/strong><\/h6>\nL\u2019\u00e9cole ne met pas de logement \u00e0 la disposition de ses \u00e9l\u00e8ves mais vous propose de consulter le lien suivant\u00a0:\n\n<a href=\"https:\/\/www.geneve.ch\/fr\/public\/jeunes\/trouver-logement\">https:\/\/www.geneve.ch\/fr\/public\/jeunes\/trouver-logement<\/a>\n\n[\/et_pb_text][\/et_pb_column][\/et_pb_row][\/et_pb_section]","_et_gb_content_width":"","footnotes":""},"class_list":["post-29698","page","type-page","status-publish","hentry"],"_links":{"self":[{"href":"https:\/\/ecole-peg.ch\/es\/wp-json\/wp\/v2\/pages\/29698","targetHints":{"allow":["GET"]}}],"collection":[{"href":"https:\/\/ecole-peg.ch\/es\/wp-json\/wp\/v2\/pages"}],"about":[{"href":"https:\/\/ecole-peg.ch\/es\/wp-json\/wp\/v2\/types\/page"}],"author":[{"embeddable":true,"href":"https:\/\/ecole-peg.ch\/es\/wp-json\/wp\/v2\/users\/1"}],"replies":[{"embeddable":true,"href":"https:\/\/ecole-peg.ch\/es\/wp-json\/wp\/v2\/comments?post=29698"}],"version-history":[{"count":1,"href":"https:\/\/ecole-peg.ch\/es\/wp-json\/wp\/v2\/pages\/29698\/revisions"}],"predecessor-version":[{"id":31840,"href":"https:\/\/ecole-peg.ch\/es\/wp-json\/wp\/v2\/pages\/29698\/revisions\/31840"}],"wp:attachment":[{"href":"https:\/\/ecole-peg.ch\/es\/wp-json\/wp\/v2\/media?parent=29698"}],"curies":[{"name":"wp","href":"https:\/\/api.w.org\/{rel}","templated":true}]}}