{"id":29643,"date":"2017-02-16T09:13:19","date_gmt":"2017-02-16T08:13:19","guid":{"rendered":"https:\/\/ecole-peg.ch\/?page_id=29643"},"modified":"2026-01-05T17:21:50","modified_gmt":"2026-01-05T16:21:50","slug":"home","status":"publish","type":"page","link":"https:\/\/ecole-peg.ch\/es\/","title":{"rendered":"INICIO"},"content":{"rendered":"<p>[et_pb_section fb_built=\u00bb1&#8243; fullwidth=\u00bbon\u00bb admin_label=\u00bbSection\u00bb module_id=\u00bbhome\u00bb _builder_version=\u00bb4.16&#8243; custom_padding=\u00bb0px|0px|0px|0px\u00bb transparent_background=\u00bboff\u00bb make_fullwidth=\u00bboff\u00bb use_custom_width=\u00bboff\u00bb width_unit=\u00bboff\u00bb custom_width_px=\u00bb1080px\u00bb custom_width_percent=\u00bb80%\u00bb saved_tabs=\u00bball\u00bb global_colors_info=\u00bb{}\u00bb][et_pb_fullwidth_slider _builder_version=\u00bb4.27.4&#8243; _module_preset=\u00bbdefault\u00bb header_font=\u00bb|||on|||||\u00bb background_position=\u00bbtop_left\u00bb custom_button=\u00bbon\u00bb button_text_color=\u00bb#000000&#8243; button_bg_color=\u00bb#353535&#8243; width_tablet=\u00bb\u00bb width_phone=\u00bb100%\u00bb width_last_edited=\u00bbon|desktop\u00bb min_height=\u00bb694.6px\u00bb custom_margin=\u00bb||-3px|||\u00bb custom_padding=\u00bb101px|||||\u00bb auto=\u00bbon\u00bb custom_css_free_form=\u00bbselector table {border:none !important;}|| table tr td{border-top:0 !important;}\u00bb border_radii_image_tablet=\u00bb\u00bb border_radii_image_phone=\u00bb\u00bb border_radii_image_last_edited=\u00bbon|phone\u00bb global_colors_info=\u00bb{}\u00bb button_border_radius__hover=\u00bb0&#8243; button_border_radius__hover_enabled=\u00bbon\u00bb button_letter_spacing__hover=\u00bb0&#8243; button_letter_spacing__hover_enabled=\u00bbon\u00bb][et_pb_slide heading=\u00bbM\u00e1s que una escuela un lugar de convivencia\u00bb button_text=\u00bbDescubrir\u00bb button_link=\u00bbhttps:\/\/ecole-peg.ch\/es\/escuela\/\u00bb use_bg_overlay=\u00bboff\u00bb use_text_overlay=\u00bboff\u00bb _builder_version=\u00bb4.27.4&#8243; _module_preset=\u00bbdefault\u00bb header_level=\u00bbh2&#8243; header_font=\u00bb||||\u00bb header_text_color=\u00bb#E02B20&#8243; header_font_size=\u00bb52px\u00bb body_font=\u00bb||||\u00bb body_line_height=\u00bb1.5em\u00bb background_color=\u00bb#000000&#8243; background_enable_color=\u00bbon\u00bb background_image=\u00bbhttps:\/\/ecole-peg.ch\/wp-content\/uploads\/2024\/01\/banner_message.jpg\u00bb background_enable_image=\u00bbon\u00bb background_position=\u00bbcenter_left\u00bb background_enable_video_mp4=\u00bboff\u00bb background_enable_video_webm=\u00bboff\u00bb custom_button=\u00bbon\u00bb button_text_size=\u00bb16px\u00bb button_text_color=\u00bb#ffffff\u00bb button_border_color=\u00bb#ffffff\u00bb button_font=\u00bb||||\u00bb button_use_icon=\u00bboff\u00bb background_layout=\u00bblight\u00bb width=\u00bb66%\u00bb custom_padding=\u00bb150px||||false|false\u00bb header_font_size_tablet=\u00bb80px\u00bb header_font_size_phone=\u00bb26px\u00bb header_font_size_last_edited=\u00bbon|phone\u00bb body_font_size_tablet=\u00bb\u00bb body_font_size_phone=\u00bb\u00bb body_font_size_last_edited=\u00bbon|tablet\u00bb button_text_size_tablet=\u00bb16px\u00bb button_text_size_phone=\u00bb16px\u00bb button_text_size_last_edited=\u00bbon|desktop\u00bb text_shadow_style=\u00bbpreset2&#8243; text_shadow_color=\u00bb#FFFFFF\u00bb global_colors_info=\u00bb{}\u00bb button_text_color__hover=\u00bb#666666&#8243; button_text_color__hover_enabled=\u00bbon\u00bb button_bg_color__hover=\u00bb#ffffff\u00bb button_bg_color__hover_enabled=\u00bbon\u00bb sticky_transition=\u00bbon\u00bb]<\/p>\n<div class=\"intro-layer animated fadeIn\" data-animation=\"fadeIn\">\n<h3 class=\" black  text-uppercase\t\t\t\t\t\t\t\t\t\t\t\"><span>APRENDER EL FRANC\u00c9S \u00a0<\/span><span>SE CONVIERTE EN UN PLACER\u00a0<\/span><\/h3>\n<\/div>\n<div class=\"intro-layer animated fadeIn\" data-animation=\"fadeIn\">\n<p class=\"big   \t\t\t\t\t\t\t\t\t\t\t\"><span>Desde hace m\u00e1s de 50 a\u00f1os, una referencia en Ginebra<\/span><\/p>\n<\/div>\n<p>[\/et_pb_slide][\/et_pb_fullwidth_slider][\/et_pb_section][et_pb_section fb_built=\u00bb1&#8243; _builder_version=\u00bb4.27.2&#8243; _module_preset=\u00bbdefault\u00bb custom_padding=\u00bb17px||43px|||\u00bb global_colors_info=\u00bb{}\u00bb][et_pb_row _builder_version=\u00bb4.27.2&#8243; _module_preset=\u00bbdefault\u00bb global_colors_info=\u00bb{}\u00bb][et_pb_column type=\u00bb4_4&#8243; _builder_version=\u00bb4.27.2&#8243; _module_preset=\u00bbdefault\u00bb global_colors_info=\u00bb{}\u00bb][et_pb_button button_url=\u00bbhttps:\/\/ecole-peg.ch\/es\/preinscription\/\u00bb button_text=\u00bbInscripci\u00f3n a un curso\u00bb button_alignment=\u00bbcenter\u00bb _builder_version=\u00bb4.27.4&#8243; _module_preset=\u00bbdefault\u00bb animation_style=\u00bbslide\u00bb global_colors_info=\u00bb{}\u00bb][\/et_pb_button][\/et_pb_column][\/et_pb_row][\/et_pb_section][et_pb_section fb_built=\u00bb1&#8243; _builder_version=\u00bb4.22.2&#8243; _module_preset=\u00bbdefault\u00bb background_color=\u00bb#000000&#8243; use_background_color_gradient=\u00bbon\u00bb background_color_gradient_stops=\u00bbrgba(0,0,0,0.7) 0%|rgba(0,0,0,0.7) 100%\u00bb background_color_gradient_overlays_image=\u00bbon\u00bb background_image=\u00bbhttps:\/\/ecole-peg.ch\/wp-content\/uploads\/2023\/10\/course_cat_bg.jpg\u00bb parallax=\u00bbon\u00bb background_blend=\u00bbluminosity\u00bb custom_padding=\u00bb100px||||false|false\u00bb global_colors_info=\u00bb{}\u00bb][et_pb_row _builder_version=\u00bb4.22.2&#8243; _module_preset=\u00bbdefault\u00bb global_colors_info=\u00bb{}\u00bb][et_pb_column type=\u00bb4_4&#8243; _builder_version=\u00bb4.22.2&#8243; _module_preset=\u00bbdefault\u00bb global_colors_info=\u00bb{}\u00bb][et_pb_text _builder_version=\u00bb4.23&#8243; _module_preset=\u00bbdefault\u00bb header_3_font=\u00bb|600|||||||\u00bb header_3_text_align=\u00bbcenter\u00bb header_3_font_size=\u00bb36px\u00bb background_layout=\u00bbdark\u00bb global_colors_info=\u00bb{}\u00bb]<\/p>\n<h3 class=\"text-center section_header\">DESCUBRE NUESTROS PROGRAMAS<\/h3>\n<p>[\/et_pb_text][\/et_pb_column][\/et_pb_row][et_pb_row column_structure=\u00bb1_4,1_4,1_4,1_4&#8243; make_equal=\u00bbon\u00bb _builder_version=\u00bb4.22.2&#8243; _module_preset=\u00bbdefault\u00bb global_colors_info=\u00bb{}\u00bb][et_pb_column type=\u00bb1_4&#8243; _builder_version=\u00bb4.22.2&#8243; _module_preset=\u00bbdefault\u00bb global_colors_info=\u00bb{}\u00bb][et_pb_icon font_icon=\u00bb&#xf185;||fa||900&#8243; icon_color=\u00bb#E85342&#8243; icon_width=\u00bb50px\u00bb _builder_version=\u00bb4.22.2&#8243; _module_preset=\u00bbdefault\u00bb global_colors_info=\u00bb{}\u00bb][\/et_pb_icon][et_pb_text _builder_version=\u00bb4.23&#8243; _module_preset=\u00bbdefault\u00bb header_text_color=\u00bb#E85342&#8243; header_5_font=\u00bb|600||on|||||\u00bb header_5_text_color=\u00bb#E85342&#8243; header_5_font_size=\u00bb18px\u00bb text_orientation=\u00bbcenter\u00bb background_layout=\u00bbdark\u00bb global_colors_info=\u00bb{}\u00bb]<\/p>\n<h5 class=\"accent1\">CURSOS DIURNOS<\/h5>\n<p><span>Cursos intensivos o semi-intensivos en grupo, en la ma\u00f1ana de <strong>9:00 a 12:00<\/strong> o en la tarde de <strong>14:00 a 17:00<\/strong>, dependiendo de tu nivel.<\/span><\/p>\n<p>[\/et_pb_text][et_pb_button button_url=\u00bbhttps:\/\/ecole-peg.ch\/es\/cursos\/cursos-diurnos\/\u00bb button_text=\u00bbLEER M\u00c1S\u00bb button_alignment=\u00bbcenter\u00bb _builder_version=\u00bb4.23&#8243; _module_preset=\u00bbdefault\u00bb custom_button=\u00bbon\u00bb button_text_size=\u00bb15px\u00bb button_text_color=\u00bb#FFFFFF\u00bb button_bg_color=\u00bb#E85342&#8243; button_border_width=\u00bb0px\u00bb custom_padding=\u00bb15px|45px|15px|45px|false|false\u00bb global_colors_info=\u00bb{}\u00bb][\/et_pb_button][\/et_pb_column][et_pb_column type=\u00bb1_4&#8243; _builder_version=\u00bb4.22.2&#8243; _module_preset=\u00bbdefault\u00bb global_colors_info=\u00bb{}\u00bb][et_pb_icon font_icon=\u00bb&#xf186;||fa||400&#8243; icon_color=\u00bb#0C87C4&#8243; icon_width=\u00bb50px\u00bb _builder_version=\u00bb4.22.2&#8243; _module_preset=\u00bbdefault\u00bb global_colors_info=\u00bb{}\u00bb][\/et_pb_icon][et_pb_text _builder_version=\u00bb4.23&#8243; _module_preset=\u00bbdefault\u00bb header_text_color=\u00bb#E85342&#8243; header_5_font=\u00bb|600||on|||||\u00bb header_5_text_color=\u00bb#0C87C4&#8243; header_5_font_size=\u00bb18px\u00bb text_orientation=\u00bbcenter\u00bb background_layout=\u00bbdark\u00bb global_colors_info=\u00bb{}\u00bb]<\/p>\n<h5 class=\"accent2\">CURSOS NOCTURNOS<\/h5>\n<p><span>Curso de franc\u00e9s general o de objetivos espec\u00edficos para participantes sin disposici\u00f3n en el d\u00eda.<\/span><\/p>\n<p>[\/et_pb_text][et_pb_button button_url=\u00bbhttps:\/\/ecole-peg.ch\/es\/cursos\/clases-nocturnas\/\u00bb button_text=\u00bbLEER M\u00c1S\u00bb button_alignment=\u00bbcenter\u00bb _builder_version=\u00bb4.23&#8243; _module_preset=\u00bbdefault\u00bb custom_button=\u00bbon\u00bb button_text_size=\u00bb15px\u00bb button_text_color=\u00bb#FFFFFF\u00bb button_bg_color=\u00bb#E85342&#8243; button_border_width=\u00bb0px\u00bb custom_padding=\u00bb15px|45px|15px|45px|false|false\u00bb global_colors_info=\u00bb{}\u00bb][\/et_pb_button][\/et_pb_column][et_pb_column type=\u00bb1_4&#8243; _builder_version=\u00bb4.22.2&#8243; _module_preset=\u00bbdefault\u00bb global_colors_info=\u00bb{}\u00bb][et_pb_icon font_icon=\u00bb&#xf0c0;||fa||900&#8243; icon_color=\u00bb#34C663&#8243; icon_width=\u00bb50px\u00bb _builder_version=\u00bb4.22.2&#8243; _module_preset=\u00bbdefault\u00bb global_colors_info=\u00bb{}\u00bb][\/et_pb_icon][et_pb_text _builder_version=\u00bb4.23&#8243; _module_preset=\u00bbdefault\u00bb header_5_font=\u00bb|600||on|||||\u00bb header_5_text_color=\u00bb#34C663&#8243; header_5_font_size=\u00bb18px\u00bb text_orientation=\u00bbcenter\u00bb background_layout=\u00bbdark\u00bb global_colors_info=\u00bb{}\u00bb]<\/p>\n<h5 class=\"accent3\">CURSOS EN GROUPOS PEQUE\u00d1OS<\/h5>\n<p><span>Grupos de 3 a 5 participantes, en el d\u00eda o la noche, para un pgrupo con necesidades particulares.<\/span><\/p>\n<p>[\/et_pb_text][et_pb_button button_url=\u00bbhttps:\/\/ecole-peg.ch\/es\/frances-en-grupos-pequenos\/\u00bb button_text=\u00bbLEER M\u00c1S\u00bb button_alignment=\u00bbcenter\u00bb _builder_version=\u00bb4.23&#8243; _module_preset=\u00bbdefault\u00bb custom_button=\u00bbon\u00bb button_text_size=\u00bb15px\u00bb button_text_color=\u00bb#FFFFFF\u00bb button_bg_color=\u00bb#E85342&#8243; button_border_width=\u00bb0px\u00bb custom_padding=\u00bb15px|45px|15px|45px|false|false\u00bb global_colors_info=\u00bb{}\u00bb][\/et_pb_button][\/et_pb_column][et_pb_column type=\u00bb1_4&#8243; _builder_version=\u00bb4.22.2&#8243; _module_preset=\u00bbdefault\u00bb global_colors_info=\u00bb{}\u00bb][et_pb_icon font_icon=\u00bb&#xf406;||fa||900&#8243; icon_color=\u00bb#F7C052&#8243; icon_width=\u00bb50px\u00bb _builder_version=\u00bb4.22.2&#8243; _module_preset=\u00bbdefault\u00bb global_colors_info=\u00bb{}\u00bb][\/et_pb_icon][et_pb_text _builder_version=\u00bb4.23&#8243; _module_preset=\u00bbdefault\u00bb header_text_color=\u00bb#E85342&#8243; header_5_font=\u00bb|600||on|||||\u00bb header_5_text_color=\u00bb#F7C052&#8243; header_5_font_size=\u00bb18px\u00bb text_orientation=\u00bbcenter\u00bb background_layout=\u00bbdark\u00bb global_colors_info=\u00bb{}\u00bb]<\/p>\n<h5 class=\"accent4\">CURSOS PRIVADOS<\/h5>\n<p><span>Clases de franc\u00e9s personalizadas y de acuerdo a tu horario<\/span><\/p>\n<p>[\/et_pb_text][et_pb_button button_url=\u00bbhttps:\/\/ecole-peg.ch\/es\/cursos-privados\/\u00bb button_text=\u00bbLEER M\u00c1S\u00bb button_alignment=\u00bbcenter\u00bb _builder_version=\u00bb4.23&#8243; _module_preset=\u00bbdefault\u00bb custom_button=\u00bbon\u00bb button_text_size=\u00bb15px\u00bb button_text_color=\u00bb#FFFFFF\u00bb button_bg_color=\u00bb#E85342&#8243; button_border_width=\u00bb0px\u00bb custom_padding=\u00bb15px|45px|15px|45px|false|false\u00bb global_colors_info=\u00bb{}\u00bb][\/et_pb_button][\/et_pb_column][\/et_pb_row][\/et_pb_section][et_pb_section fb_built=\u00bb1&#8243; _builder_version=\u00bb4.27.4&#8243; _module_preset=\u00bbdefault\u00bb global_colors_info=\u00bb{}\u00bb][et_pb_row _builder_version=\u00bb4.27.4&#8243; _module_preset=\u00bbdefault\u00bb global_colors_info=\u00bb{}\u00bb][et_pb_column type=\u00bb4_4&#8243; _builder_version=\u00bb4.27.4&#8243; _module_preset=\u00bbdefault\u00bb global_colors_info=\u00bb{}\u00bb][et_pb_text _builder_version=\u00bb4.23&#8243; _module_preset=\u00bbdefault\u00bb global_colors_info=\u00bb{}\u00bb]<\/p>\n<h4 class=\"text-center section_header\" style=\"text-align: center;\">SEG\u00daN TU DISPONIBILIDAD, TU RITMO Y TUS OBJETIVOS<\/h4>\n<h3 class=\"text-center section_header\" style=\"text-align: center;\">ELIGE TU CURSO<\/h3>\n<p>[\/et_pb_text][\/et_pb_column][\/et_pb_row][et_pb_row _builder_version=\u00bb4.27.4&#8243; _module_preset=\u00bbdefault\u00bb global_colors_info=\u00bb{}\u00bb][et_pb_column type=\u00bb4_4&#8243; _builder_version=\u00bb4.27.4&#8243; _module_preset=\u00bbdefault\u00bb global_colors_info=\u00bb{}\u00bb][et_pb_image src=\u00bbhttps:\/\/ecole-peg.ch\/wp-content\/uploads\/2023\/10\/image_cours_intensif-e1750428551251.jpg\u00bb title_text=\u00bbimage_cours_intensif\u00bb align=\u00bbcenter\u00bb _builder_version=\u00bb4.27.4&#8243; _module_preset=\u00bbdefault\u00bb global_colors_info=\u00bb{}\u00bb][\/et_pb_image][\/et_pb_column][\/et_pb_row][et_pb_row column_structure=\u00bb3_5,2_5&#8243; _builder_version=\u00bb4.27.4&#8243; _module_preset=\u00bbdefault\u00bb global_colors_info=\u00bb{}\u00bb][et_pb_column type=\u00bb3_5&#8243; _builder_version=\u00bb4.27.4&#8243; _module_preset=\u00bbdefault\u00bb global_colors_info=\u00bb{}\u00bb][et_pb_accordion _builder_version=\u00bb4.27.4&#8243; _module_preset=\u00bbdefault\u00bb animation_style=\u00bbzoom\u00bb link_option_url=\u00bbhttps:\/\/ecole-peg.ch\/es\/frances-general-curso-intensivo\/\u00bb scroll_scaling_enable=\u00bbon\u00bb global_colors_info=\u00bb{}\u00bb][et_pb_accordion_item title=\u00bbCursos intensivos A1 (principiantes) al B2&#8243; open=\u00bbon\u00bb _builder_version=\u00bb4.27.4&#8243; _module_preset=\u00bbdefault\u00bb link_option_url=\u00bbhttps:\/\/ecole-peg.ch\/es\/frances-general-curso-intensivo\/\u00bb border_color_all=\u00bb#E85342&#8243; box_shadow_style=\u00bbpreset1&#8243; global_colors_info=\u00bb{}\u00bb toggle_font_size=\u00bb20px\u00bb]<\/p>\n<p>FRANC<span>\u00c9S GENERAL<\/span><\/p>\n<p><strong>PREPARACI\u00d3N PARA EL DELF<\/strong><\/p>\n<p>Desarrollo de las 4 competencias del MCER: comprensi\u00f3n oral, comprensi\u00f3n escrita, producci\u00f3n escrita y producci\u00f3n oral.<\/p>\n<p>Las actividades se centran en la fon\u00e9tica, el vocabulario, la gram\u00e1tica, la ortograf\u00eda y la conjugaci\u00f3n.<\/p>\n<p>[\/et_pb_accordion_item][\/et_pb_accordion][\/et_pb_column][et_pb_column type=\u00bb2_5&#8243; _builder_version=\u00bb4.27.4&#8243; _module_preset=\u00bbdefault\u00bb global_colors_info=\u00bb{}\u00bb][et_pb_accordion _builder_version=\u00bb4.27.4&#8243; _module_preset=\u00bbdefault\u00bb link_option_url=\u00bbhttps:\/\/ecole-peg.ch\/es\/frances-general-curso-semi-intensivo-c1\/\u00bb scroll_scaling_enable=\u00bbon\u00bb global_colors_info=\u00bb{}\u00bb][et_pb_accordion_item title=\u00bbCursos semi-intensivos C1&#8243; open=\u00bbon\u00bb _builder_version=\u00bb4.27.4&#8243; _module_preset=\u00bbdefault\u00bb link_option_url=\u00bbhttps:\/\/ecole-peg.ch\/es\/frances-general-curso-semi-intensivo-c1\/\u00bb box_shadow_style=\u00bbpreset1&#8243; global_colors_info=\u00bb{}\u00bb toggle_font_size=\u00bb20px\u00bb]<\/p>\n<p>FRANC<span>\u00c9S GENERAL<\/span><\/p>\n<p><strong>PREPARACI\u00d3N PARA EL DALF<\/strong><\/p>\n<p>Desarrollo de las 4 competencias seg\u00fan el Marco Europeo de Referencia para las Lenguas (MCER).<br \/>Estudiar documentos aut\u00e9nticos, como art\u00edculos de prensa, textos literarios y recursos de Internet sobre temas de actualidad.<\/p>\n<p>[\/et_pb_accordion_item][\/et_pb_accordion][\/et_pb_column][\/et_pb_row][et_pb_row column_structure=\u00bb1_3,1_3,1_3&#8243; _builder_version=\u00bb4.27.4&#8243; _module_preset=\u00bbdefault\u00bb global_colors_info=\u00bb{}\u00bb][et_pb_column type=\u00bb1_3&#8243; _builder_version=\u00bb4.27.4&#8243; _module_preset=\u00bbdefault\u00bb global_colors_info=\u00bb{}\u00bb][et_pb_accordion _builder_version=\u00bb4.27.4&#8243; _module_preset=\u00bbdefault\u00bb link_option_url=\u00bbhttps:\/\/ecole-peg.ch\/es\/frances-general-curso-semi-intensivo-a1-principiantes\/\u00bb scroll_scaling_enable=\u00bbon\u00bb global_colors_info=\u00bb{}\u00bb][et_pb_accordion_item title=\u00bbCursos semi-intensivos A1&#8243; open=\u00bbon\u00bb _builder_version=\u00bb4.27.4&#8243; _module_preset=\u00bbdefault\u00bb link_option_url=\u00bbhttps:\/\/ecole-peg.ch\/es\/frances-general-curso-semi-intensivo-a1-principiantes\/\u00bb box_shadow_style=\u00bbpreset1&#8243; global_colors_info=\u00bb{}\u00bb toggle_font_size=\u00bb20px\u00bb]<\/p>\n<p><strong>PRINCIPIANTES<\/strong><\/p>\n<p>FRANC<span>\u00c9S GENERAL<\/span><\/p>\n<p>Clases nocturnas<\/p>\n<p>[\/et_pb_accordion_item][\/et_pb_accordion][\/et_pb_column][et_pb_column type=\u00bb1_3&#8243; _builder_version=\u00bb4.27.4&#8243; _module_preset=\u00bbdefault\u00bb global_colors_info=\u00bb{}\u00bb][et_pb_accordion _builder_version=\u00bb4.27.4&#8243; _module_preset=\u00bbdefault\u00bb link_option_url=\u00bbhttps:\/\/ecole-peg.ch\/es\/frances-general-curso-semi-intensivo-a2-b1\/\u00bb scroll_scaling_enable=\u00bbon\u00bb global_colors_info=\u00bb{}\u00bb][et_pb_accordion_item title=\u00bbCursos semi-intensivos A2 &#8211; B1&#8243; open=\u00bbon\u00bb _builder_version=\u00bb4.27.4&#8243; _module_preset=\u00bbdefault\u00bb link_option_url=\u00bbhttps:\/\/ecole-peg.ch\/es\/frances-general-curso-semi-intensivo-a2-b1\/\u00bb box_shadow_style=\u00bbpreset1&#8243; global_colors_info=\u00bb{}\u00bb toggle_font_size=\u00bb20px\u00bb]<\/p>\n<p>FRANC<span>\u00c9S GENERAL<\/span><\/p>\n<p>Clases nocturnas<\/p>\n<p>[\/et_pb_accordion_item][\/et_pb_accordion][\/et_pb_column][et_pb_column type=\u00bb1_3&#8243; _builder_version=\u00bb4.27.4&#8243; _module_preset=\u00bbdefault\u00bb global_colors_info=\u00bb{}\u00bb][et_pb_accordion _builder_version=\u00bb4.27.4&#8243; _module_preset=\u00bbdefault\u00bb link_option_url=\u00bbhttps:\/\/ecole-peg.ch\/es\/frances-integracion\/\u00bb scroll_scaling_enable=\u00bbon\u00bb global_colors_info=\u00bb{}\u00bb][et_pb_accordion_item title=\u00bbFranc\u00e9s integraci\u00f3n\u00bb open=\u00bbon\u00bb _builder_version=\u00bb4.27.4&#8243; _module_preset=\u00bbdefault\u00bb link_option_url=\u00bbhttps:\/\/ecole-peg.ch\/es\/frances-integracion\/\u00bb border_color_all=\u00bb#0C87C4&#8243; box_shadow_style=\u00bbpreset1&#8243; global_colors_info=\u00bb{}\u00bb toggle_font_size=\u00bb20px\u00bb]<\/p>\n<p><strong>FIDE PREPARACI\u00d3N<\/strong><\/p>\n<p>Con el CAF, es gratis !<\/p>\n<p>Clases nocturnas<\/p>\n<p>[\/et_pb_accordion_item][\/et_pb_accordion][\/et_pb_column][\/et_pb_row][et_pb_row column_structure=\u00bb1_3,1_3,1_3&#8243; _builder_version=\u00bb4.27.4&#8243; _module_preset=\u00bbdefault\u00bb global_colors_info=\u00bb{}\u00bb][et_pb_column type=\u00bb1_3&#8243; _builder_version=\u00bb4.27.4&#8243; _module_preset=\u00bbdefault\u00bb global_colors_info=\u00bb{}\u00bb][et_pb_accordion _builder_version=\u00bb4.27.4&#8243; _module_preset=\u00bbdefault\u00bb link_option_url=\u00bbhttps:\/\/ecole-peg.ch\/es\/frances-para-los-profesionales-de-la-salud\/\u00bb scroll_scaling_enable=\u00bbon\u00bb global_colors_info=\u00bb{}\u00bb][et_pb_accordion_item title=\u00bbFranc\u00e9s para los profesionales de la salud\u00bb open=\u00bbon\u00bb _builder_version=\u00bb4.27.4&#8243; _module_preset=\u00bbdefault\u00bb link_option_url=\u00bbhttps:\/\/ecole-peg.ch\/es\/frances-para-los-profesionales-de-la-salud\/\u00bb border_color_all=\u00bb#0C87C4&#8243; box_shadow_style=\u00bbpreset1&#8243; global_colors_info=\u00bb{}\u00bb toggle_font_size=\u00bb20px\u00bb]<\/p>\n<p>Este curso est\u00e1 dirigido a profesionales sanitarios extranjeros (m\u00e9dicos, enfermeros, personal hospitalario, etc.) que trabajen o tengan previsto trabajar en la Suiza franc\u00f3fona.<\/p>\n<p>[\/et_pb_accordion_item][\/et_pb_accordion][\/et_pb_column][et_pb_column type=\u00bb1_3&#8243; _builder_version=\u00bb4.27.4&#8243; _module_preset=\u00bbdefault\u00bb global_colors_info=\u00bb{}\u00bb][et_pb_accordion _builder_version=\u00bb4.27.4&#8243; _module_preset=\u00bbdefault\u00bb link_option_url=\u00bbhttps:\/\/ecole-peg.ch\/es\/frances-en-grupos-pequenos\/\u00bb scroll_scaling_enable=\u00bbon\u00bb global_colors_info=\u00bb{}\u00bb][et_pb_accordion_item title=\u00bbFranc\u00e9s en grupos peque\u00f1os\u00bb open=\u00bbon\u00bb _builder_version=\u00bb4.27.4&#8243; _module_preset=\u00bbdefault\u00bb link_option_url=\u00bbhttps:\/\/ecole-peg.ch\/es\/frances-en-grupos-pequenos\/\u00bb box_shadow_style=\u00bbpreset1&#8243; global_colors_info=\u00bb{}\u00bb toggle_font_size=\u00bb20px\u00bb]<\/p>\n<p>CURSO PARA EMPRESAS<\/p>\n<p>Este curso se adapta a sus necesidades y disponibilidad. <br \/>Aproveche una oferta personalizada.<\/p>\n<p>[\/et_pb_accordion_item][\/et_pb_accordion][\/et_pb_column][et_pb_column type=\u00bb1_3&#8243; _builder_version=\u00bb4.27.4&#8243; _module_preset=\u00bbdefault\u00bb global_colors_info=\u00bb{}\u00bb][et_pb_accordion _builder_version=\u00bb4.27.4&#8243; _module_preset=\u00bbdefault\u00bb link_option_url=\u00bbhttps:\/\/ecole-peg.ch\/es\/cursos-privados\/\u00bb scroll_scaling_enable=\u00bbon\u00bb global_colors_info=\u00bb{}\u00bb][et_pb_accordion_item title=\u00bbCursos privados\u00bb open=\u00bbon\u00bb _builder_version=\u00bb4.27.4&#8243; _module_preset=\u00bbdefault\u00bb link_option_url=\u00bbhttps:\/\/ecole-peg.ch\/es\/cursos-privados\/\u00bb box_shadow_style=\u00bbpreset1&#8243; global_colors_info=\u00bb{}\u00bb toggle_font_size=\u00bb20px\u00bb]<\/p>\n<p>En la escuela, en la oficina o en casa.<\/p>\n<p>Un programa de cursos adaptado a sus necesidades y disponibilidad.<\/p>\n<p>&nbsp;<\/p>\n<p>[\/et_pb_accordion_item][\/et_pb_accordion][\/et_pb_column][\/et_pb_row][\/et_pb_section][et_pb_section fb_built=\u00bb1&#8243; fullwidth=\u00bbon\u00bb _builder_version=\u00bb4.27.4&#8243; _module_preset=\u00bbdefault\u00bb global_colors_info=\u00bb{}\u00bb][et_pb_fullwidth_header title=\u00bbFIDE TEST\u00bb text_orientation=\u00bbcenter\u00bb button_one_text=\u00bbInscribirse en el fide test\u00bb button_one_url=\u00bbhttps:\/\/ecole-peg.ch\/ecole\/test-fide\/\u00bb button_two_text=\u00bbprepararse para el examen\u00bb button_two_url=\u00bbhttps:\/\/ecole-peg.ch\/es\/frances-integracion\/\u00bb background_overlay_color=\u00bbrgba(0,0,0,0.6)\u00bb _builder_version=\u00bb4.27.4&#8243; _module_preset=\u00bbdefault\u00bb title_line_height=\u00bb2em\u00bb content_font_size=\u00bb20px\u00bb content_line_height=\u00bb2.2em\u00bb background_image=\u00bbhttps:\/\/ecole-peg.ch\/wp-content\/uploads\/2025\/06\/test-fide-examen-francais-scott-graham-e1750412010604.jpg\u00bb parallax=\u00bbon\u00bb custom_button_one=\u00bbon\u00bb border_color_all_image=\u00bb#000000&#8243; global_colors_info=\u00bb{}\u00bb]<\/p>\n<p>Para el permiso B, el permiso C y la naturalizaci\u00f3n<\/p>\n<p>[\/et_pb_fullwidth_header][\/et_pb_section][et_pb_section fb_built=\u00bb1&#8243; custom_padding_last_edited=\u00bbon|desktop\u00bb admin_label=\u00bbsection\u00bb module_id=\u00bbabout\u00bb _builder_version=\u00bb4.16&#8243; min_height=\u00bb527.5px\u00bb custom_padding=\u00bb0px|0px|0px|0px\u00bb custom_padding_tablet=\u00bb\u00bb custom_padding_phone=\u00bb\u00bb transparent_background=\u00bboff\u00bb make_fullwidth=\u00bboff\u00bb use_custom_width=\u00bboff\u00bb width_unit=\u00bboff\u00bb custom_width_px=\u00bb1080px\u00bb custom_width_percent=\u00bb80%\u00bb global_colors_info=\u00bb{}\u00bb][et_pb_row column_structure=\u00bb1_2,1_2&#8243; custom_padding_last_edited=\u00bbon|phone\u00bb admin_label=\u00bbLigne\u00bb _builder_version=\u00bb4.22.2&#8243; background_image=\u00bbhttps:\/\/ecole-peg.ch\/wp-content\/uploads\/2023\/10\/bg_map.jpg\u00bb background_position=\u00bbtop_left\u00bb background_repeat=\u00bbrepeat\u00bb custom_padding=\u00bb101px|25px|25px|25px|false|false\u00bb custom_padding_tablet=\u00bb100px|100px|100px|100px\u00bb custom_padding_phone=\u00bb100px|20px|100px|20px\u00bb make_fullwidth=\u00bboff\u00bb use_custom_width=\u00bboff\u00bb width_unit=\u00bboff\u00bb custom_width_px=\u00bb1080px\u00bb custom_width_percent=\u00bb80%\u00bb global_colors_info=\u00bb{}\u00bb][et_pb_column type=\u00bb1_2&#8243; _builder_version=\u00bb4.16&#8243; custom_padding=\u00bb|||\u00bb global_colors_info=\u00bb{}\u00bb custom_padding__hover=\u00bb|||\u00bb][et_pb_image src=\u00bbhttps:\/\/ecole-peg.ch\/wp-content\/uploads\/2024\/07\/etudiante_francais.png\u00bb title_text=\u00bbetudiante_francais\u00bb _builder_version=\u00bb4.25.2&#8243; _module_preset=\u00bbdefault\u00bb global_colors_info=\u00bb{}\u00bb][\/et_pb_image][\/et_pb_column][et_pb_column type=\u00bb1_2&#8243; _builder_version=\u00bb4.16&#8243; custom_padding=\u00bb|||\u00bb global_colors_info=\u00bb{}\u00bb custom_padding__hover=\u00bb|||\u00bb][et_pb_text admin_label=\u00bbTexte\u00bb _builder_version=\u00bb4.23&#8243; text_line_height=\u00bb1.5em\u00bb background_size=\u00bbinitial\u00bb background_position=\u00bbtop_left\u00bb background_repeat=\u00bbrepeat\u00bb module_alignment=\u00bbcenter\u00bb custom_margin=\u00bb|||\u00bb use_border_color=\u00bboff\u00bb border_style=\u00bbsolid\u00bb global_colors_info=\u00bb{}\u00bb]<\/p>\n<div class=\"special_heading\">\n<h1 class=\"text-left section_header\" style=\"text-align: center;\"><span class=\" bold text-uppercase\">LA ESCUELA<\/span><\/h1>\n<\/div>\n<p>&nbsp;<\/p>\n<p>La escuela PEG es una escuela familiar fundada en 1968 que se especializ\u00f3 en la ense\u00f1anza del Franc\u00e9s como lengua extranjera. Conocida por la calidad de su acogida y de su ense\u00f1anza, nuestro equipo est\u00e1 compuesto de profesores de franc\u00e9s todos diplomados y con varios a\u00f1os de experiencia.<\/p>\n<p>Nuestros puntos fuertes :<\/p>\n<p>&nbsp;<\/p>\n<ul class=\"custom_list list_color1 \">\n<li>Nuestra experiencia<\/li>\n<li>Nuestra metodologia<\/li>\n<li>Nuestro \u00edndice de resultados (100%)<\/li>\n<\/ul>\n<p>[\/et_pb_text][et_pb_button button_url=\u00bbhttps:\/\/ecole-peg.ch\/es\/escuela\/\u00bb button_text=\u00bbLEER M\u00c1S\u00bb _builder_version=\u00bb4.23&#8243; _module_preset=\u00bbdefault\u00bb global_colors_info=\u00bb{}\u00bb][\/et_pb_button][\/et_pb_column][\/et_pb_row][\/et_pb_section][et_pb_section fb_built=\u00bb1&#8243; admin_label=\u00bbsection\u00bb _builder_version=\u00bb4.22.2&#8243; use_background_color_gradient=\u00bbon\u00bb background_color_gradient_stops=\u00bbrgba(0,0,0,0.75) 0%|rgba(0,0,0,0.73) 100%\u00bb background_color_gradient_overlays_image=\u00bbon\u00bb background_image=\u00bbhttps:\/\/ecole-peg.ch\/wp-content\/uploads\/2017\/02\/contact_gallery_1.jpg\u00bb parallax=\u00bbon\u00bb width_unit=\u00bboff\u00bb global_colors_info=\u00bb{}\u00bb][et_pb_row admin_label=\u00bbrow\u00bb _builder_version=\u00bb4.16&#8243; background_size=\u00bbinitial\u00bb background_position=\u00bbtop_left\u00bb background_repeat=\u00bbrepeat\u00bb custom_padding=\u00bb91px|0px|0px|0px\u00bb make_fullwidth=\u00bboff\u00bb use_custom_width=\u00bboff\u00bb width_unit=\u00bboff\u00bb custom_width_px=\u00bb1080px\u00bb custom_width_percent=\u00bb80%\u00bb global_colors_info=\u00bb{}\u00bb][et_pb_column type=\u00bb4_4&#8243; _builder_version=\u00bb4.16&#8243; custom_padding=\u00bb|||\u00bb global_colors_info=\u00bb{}\u00bb custom_padding__hover=\u00bb|||\u00bb][et_pb_text admin_label=\u00bbTexte\u00bb _builder_version=\u00bb4.23&#8243; header_font=\u00bb|600||on|||||\u00bb header_text_color=\u00bb#ffffff\u00bb header_font_size=\u00bb34px\u00bb background_size=\u00bbinitial\u00bb background_position=\u00bbtop_left\u00bb background_repeat=\u00bbrepeat\u00bb text_orientation=\u00bbcenter\u00bb module_alignment=\u00bbcenter\u00bb use_border_color=\u00bboff\u00bb border_style=\u00bbsolid\u00bb global_colors_info=\u00bb{}\u00bb]<\/p>\n<h1>TESTIMONIOS<\/h1>\n<p>[\/et_pb_text][\/et_pb_column][\/et_pb_row][et_pb_row admin_label=\u00bbrow\u00bb _builder_version=\u00bb4.16&#8243; background_size=\u00bbinitial\u00bb background_position=\u00bbtop_left\u00bb background_repeat=\u00bbrepeat\u00bb custom_padding=\u00bb30px|0px|90px|0px\u00bb make_fullwidth=\u00bboff\u00bb use_custom_width=\u00bboff\u00bb width_unit=\u00bboff\u00bb custom_width_px=\u00bb1080px\u00bb custom_width_percent=\u00bb80%\u00bb global_colors_info=\u00bb{}\u00bb][et_pb_column type=\u00bb4_4&#8243; _builder_version=\u00bb4.16&#8243; custom_padding=\u00bb|||\u00bb global_colors_info=\u00bb{}\u00bb custom_padding__hover=\u00bb|||\u00bb][et_pb_slider arrows_custom_color=\u00bb#E85342&#8243; dot_nav_custom_color=\u00bb#E85342&#8243; _builder_version=\u00bb4.22.2&#8243; _module_preset=\u00bbdefault\u00bb custom_padding=\u00bb0px||0px||false|false\u00bb global_colors_info=\u00bb{}\u00bb][et_pb_slide _builder_version=\u00bb4.22.2&#8243; _module_preset=\u00bbdefault\u00bb header_level=\u00bbh5&#8243; header_text_color=\u00bb#E85342&#8243; body_font=\u00bb||||||||\u00bb background_color=\u00bbrgba(126,190,197,0)\u00bb background_enable_color=\u00bbon\u00bb global_colors_info=\u00bb{}\u00bb sticky_transition=\u00bbon\u00bb]<em>J\u2019ai pris des cours de fran\u00e7ais pour passer mon DELF B2 \u00e0 l\u2019\u00e9cole PEG o\u00f9 j\u2019ai rencontr\u00e9 une enseignante \u00e0 l\u2019\u00e9coute des \u00e9tudiants et tr\u00e8s capable sur le plan p\u00e9dagogique. De plus j\u2019ai obtenu toute l\u2019aide n\u00e9cessaire \u00e0 fin de r\u00e9soudre certaines d\u00e9marches administratives. J\u2019ai r\u00e9ussi l\u2019examen B2 et je me suis sentie tr\u00e8s \u00e0 l\u2019aise lors du passage de ce dernier. De ce fait, je recommande vivement cette \u00e9cole \u00e0 tous ceux qui veulent progresser en fran\u00e7ais.<\/em><\/p>\n<p><em><\/em><\/p>\n<h5><span style=\"color: #ff6600;\">ELAIME PEREZ<\/span><\/h5>\n<h6>FRAN\u00c7AIS INTENSIF &#8211; CUBA<\/h6>\n<p>[\/et_pb_slide][et_pb_slide _builder_version=\u00bb4.22.2&#8243; _module_preset=\u00bbdefault\u00bb header_level=\u00bbh5&#8243; header_text_color=\u00bb#E85342&#8243; body_font=\u00bb||||||||\u00bb background_color=\u00bbrgba(126,190,197,0)\u00bb background_enable_color=\u00bbon\u00bb global_colors_info=\u00bb{}\u00bb sticky_transition=\u00bbon\u00bb]<span>J\u2019appr\u00e9cie l\u2019Ecole PEG pour une exp\u00e9rience d\u2019apprentissage unique. Ce sont les cours les plus informatifs et les plus interactifs auxquels j\u2019ai assist\u00e9. Ils m\u2019ont mis au d\u00e9fi et m\u2019ont pouss\u00e9 \u00e0 apprendre et \u00e0 am\u00e9liorer mon fran\u00e7ais. Les professeurs sont tellement sympas et exp\u00e9riment\u00e9s. J\u2019ai appris beaucoup de grammaire et de vocabulaire. Les \u00e9l\u00e8ves sont int\u00e9ress\u00e9s et motiv\u00e9s par les activit\u00e9s propos\u00e9es. L\u2019ambiance est agr\u00e9able et dynamique. Merci<\/span><\/p>\n<p><em><\/em><\/p>\n<h5><span style=\"color: #ff6600;\">HOA NGUYEN<\/span><\/h5>\n<h6>FRAN\u00c7AIS INTENSIF &#8211; VIETNAM<\/h6>\n<p>[\/et_pb_slide][et_pb_slide _builder_version=\u00bb4.22.2&#8243; _module_preset=\u00bbdefault\u00bb header_level=\u00bbh5&#8243; header_text_color=\u00bb#E85342&#8243; body_font=\u00bb||||||||\u00bb background_color=\u00bbrgba(126,190,197,0)\u00bb background_enable_color=\u00bbon\u00bb global_colors_info=\u00bb{}\u00bb sticky_transition=\u00bbon\u00bb]<span>L\u2019\u00e9cole PEG c\u2019est un endroit o\u00f9 j\u2019ai eu l\u2019opportunit\u00e9 d\u2019apprendre le fran\u00e7ais mais plus que cela, j\u2019ai appris aussi \u00e0 appr\u00e9cier et \u00e0 aimer les autres cultures, l\u00e0-bas j\u2019ai pu voir le monde d\u2019une autre mani\u00e8re. C\u2019est plus qu\u2019une \u00e9cole, est un \u00e9tablissement o\u00f9 on gagne une nouvelle famille. On a l\u2019 occasion de nous int\u00e9grer dans une soci\u00e9t\u00e9 francophone vu que l\u2019\u00e9cole nous apprend la langue fran\u00e7aise avec beaucoup de comp\u00e9tence. Les professeurs sont excellents, ils vous encouragent \u00e0 avancer et \u00e0 croire en vous-m\u00eame, ils vous passent ainsi l\u2019assurance. En plus, on peut compter sur tous ceux qui travaillent l\u00e0-bas, ils sont toujours l\u00e0 pour nous conseiller et accueillir! Je vous remercie de tout mon c\u0153ur et je vous aime tellement, merci beaucoup.<\/span><\/p>\n<p><em><\/em><\/p>\n<h5><span style=\"color: #ff6600;\">CAROLINE SANTOS<\/span><\/h5>\n<h6>FRAN\u00c7AIS INTENSIF &#8211; BR\u00c9SIL<\/h6>\n<p>[\/et_pb_slide][et_pb_slide _builder_version=\u00bb4.22.2&#8243; _module_preset=\u00bbdefault\u00bb header_level=\u00bbh5&#8243; header_text_color=\u00bb#E85342&#8243; body_font=\u00bb||||||||\u00bb background_color=\u00bbrgba(126,190,197,0)\u00bb background_enable_color=\u00bbon\u00bb global_colors_info=\u00bb{}\u00bb sticky_transition=\u00bbon\u00bb]<span>Je m\u2019appelle Sabina, je viens de Russie. Quand je suis arriv\u00e9e \u00e0 Gen\u00e8ve je n\u2019avais aucune notion de fran\u00e7ais. C\u2019est la raison pour laquelle je suis venue \u00e0 l\u2019\u00e9cole PEG. Maintenant, je suis tr\u00e8s contente de mon progr\u00e8s, parce que je suis en train de finir mon B2! Je voudrais remercier de tout c\u0153ur mes professeurs Ivana Benz et Kahina Nehar\u2026. notamment pour leur patience et professionnalisme.<\/span><\/p>\n<p><em><\/em><\/p>\n<h5><span style=\"color: #ff6600;\">SABINA IBRAIMOVA<\/span><\/h5>\n<h6>FRAN\u00c7AIS INTENSIF &#8211; RUSSIE<\/h6>\n<p>[\/et_pb_slide][\/et_pb_slider][\/et_pb_column][\/et_pb_row][\/et_pb_section][et_pb_section fb_built=\u00bb1&#8243; admin_label=\u00bbsection\u00bb module_id=\u00bbteam\u00bb _builder_version=\u00bb4.16&#8243; custom_padding=\u00bb0px|0px|30px|0px\u00bb transparent_background=\u00bboff\u00bb make_fullwidth=\u00bboff\u00bb use_custom_width=\u00bboff\u00bb width_unit=\u00bboff\u00bb custom_width_px=\u00bb1080px\u00bb custom_width_percent=\u00bb80%\u00bb global_colors_info=\u00bb{}\u00bb][et_pb_row custom_padding_last_edited=\u00bbon|phone\u00bb admin_label=\u00bbrow\u00bb _builder_version=\u00bb4.16&#8243; background_size=\u00bbinitial\u00bb background_position=\u00bbtop_left\u00bb background_repeat=\u00bbrepeat\u00bb custom_padding=\u00bb130px|180px|0px|180px\u00bb custom_padding_tablet=\u00bb100px|100px|0px|100px\u00bb custom_padding_phone=\u00bb100px|20px|0px|20px\u00bb make_fullwidth=\u00bboff\u00bb use_custom_width=\u00bboff\u00bb width_unit=\u00bboff\u00bb custom_width_px=\u00bb1080px\u00bb custom_width_percent=\u00bb80%\u00bb global_colors_info=\u00bb{}\u00bb][et_pb_column type=\u00bb4_4&#8243; _builder_version=\u00bb4.16&#8243; custom_padding=\u00bb|||\u00bb global_colors_info=\u00bb{}\u00bb custom_padding__hover=\u00bb|||\u00bb][et_pb_text admin_label=\u00bbTexte\u00bb _builder_version=\u00bb4.23&#8243; text_line_height=\u00bb1.5em\u00bb background_size=\u00bbinitial\u00bb background_position=\u00bbtop_left\u00bb background_repeat=\u00bbrepeat\u00bb text_orientation=\u00bbcenter\u00bb module_alignment=\u00bbcenter\u00bb use_border_color=\u00bboff\u00bb border_style=\u00bbsolid\u00bb global_colors_info=\u00bb{}\u00bb]<\/p>\n<h1 style=\"text-align: center;\">\u00daLTIMAS NOTICIAS<\/h1>\n<p>[\/et_pb_text][\/et_pb_column][\/et_pb_row][et_pb_row custom_padding_last_edited=\u00bbon|phone\u00bb admin_label=\u00bbrow\u00bb _builder_version=\u00bb4.22.2&#8243; background_size=\u00bbinitial\u00bb background_position=\u00bbtop_left\u00bb background_repeat=\u00bbrepeat\u00bb max_width=\u00bb80%\u00bb custom_padding=\u00bb50px||0px||false|false\u00bb custom_padding_tablet=\u00bb50px|100px|100px|100px\u00bb custom_padding_phone=\u00bb50px|20px|100px|20px\u00bb make_fullwidth=\u00bboff\u00bb use_custom_width=\u00bbon\u00bb width_unit=\u00bboff\u00bb custom_width_px=\u00bb1080px\u00bb custom_width_percent=\u00bb80%\u00bb global_colors_info=\u00bb{}\u00bb][et_pb_column type=\u00bb4_4&#8243; _builder_version=\u00bb4.16&#8243; custom_padding=\u00bb|||\u00bb global_colors_info=\u00bb{}\u00bb custom_padding__hover=\u00bb|||\u00bb][et_pb_blog fullwidth=\u00bboff\u00bb posts_number=\u00bb3&#8243; include_categories=\u00bb26&#8243; show_more=\u00bbon\u00bb show_author=\u00bboff\u00bb show_pagination=\u00bboff\u00bb _builder_version=\u00bb4.23&#8243; _module_preset=\u00bbdefault\u00bb global_colors_info=\u00bb{}\u00bb][\/et_pb_blog][\/et_pb_column][\/et_pb_row][\/et_pb_section]<\/p>\n","protected":false},"excerpt":{"rendered":"<p>APRENDER EL FRANC\u00c9S \u00a0SE CONVIERTE EN UN PLACER\u00a0 Desde hace m\u00e1s de 50 a\u00f1os, una referencia en Ginebra DESCUBRE NUESTROS PROGRAMASCURSOS DIURNOS Cursos intensivos o semi-intensivos en grupo, en la ma\u00f1ana de 9:00 a 12:00 o en la tarde de 14:00 a 17:00, dependiendo de tu nivel.CURSOS NOCTURNOS Curso de franc\u00e9s general o de objetivos [&hellip;]<\/p>\n","protected":false},"author":1,"featured_media":0,"parent":0,"menu_order":0,"comment_status":"closed","ping_status":"closed","template":"","meta":{"_et_pb_use_builder":"on","_et_pb_old_content":"[et_pb_section fb_built=\"1\" fullwidth=\"on\" admin_label=\"Section\" module_id=\"home\" _builder_version=\"4.16\" custom_padding=\"0px|0px|0px|0px\" transparent_background=\"off\" make_fullwidth=\"off\" use_custom_width=\"off\" width_unit=\"off\" custom_width_px=\"1080px\" custom_width_percent=\"80%\" global_colors_info=\"{}\"][et_pb_fullwidth_slider admin_label=\"Curseur de d\u00e9filement plein \u00e9cran\" _builder_version=\"4.22.2\" background_position=\"top_left\" custom_padding=\"|||\" custom_padding_tablet=\"|||\" custom_padding_phone=\"|||\" button_border_radius_hover=\"0\" button_letter_spacing_hover=\"0\" remove_inner_shadow=\"on\" hide_content_on_mobile=\"off\" hide_cta_on_mobile=\"off\" show_inner_shadow=\"off\" global_colors_info=\"{}\" button_text_size__hover_enabled=\"off\" button_one_text_size__hover_enabled=\"off\" button_two_text_size__hover_enabled=\"off\" button_text_color__hover_enabled=\"off\" button_one_text_color__hover_enabled=\"off\" button_two_text_color__hover_enabled=\"off\" button_border_width__hover_enabled=\"off\" button_one_border_width__hover_enabled=\"off\" button_two_border_width__hover_enabled=\"off\" button_border_color__hover_enabled=\"off\" button_one_border_color__hover_enabled=\"off\" button_two_border_color__hover_enabled=\"off\" button_border_radius__hover_enabled=\"on\" button_border_radius__hover=\"0\" button_one_border_radius__hover_enabled=\"off\" button_two_border_radius__hover_enabled=\"off\" button_letter_spacing__hover_enabled=\"on\" button_letter_spacing__hover=\"0\" button_one_letter_spacing__hover_enabled=\"off\" button_two_letter_spacing__hover_enabled=\"off\" button_bg_color__hover_enabled=\"off\" button_one_bg_color__hover_enabled=\"off\" button_two_bg_color__hover_enabled=\"off\"][et_pb_slide heading=\"PLUS QU'UNE \u00c9COLE UN LIEU DE CONVIVIALIT\u00c9.\" button_text=\"D\u00e9couvrir\" button_link=\"\/ecole\/\" use_bg_overlay=\"off\" use_text_overlay=\"off\" _builder_version=\"4.22.2\" header_level=\"h2\" header_font=\"||||\" header_text_color=\"#E02B20\" header_font_size=\"52px\" body_font=\"||||\" body_line_height=\"1.5em\" background_color=\"#000000\" background_enable_color=\"on\" background_image=\"https:\/\/ecole-peg.ch\/wp-content\/uploads\/2023\/10\/AdobeStock_99990859_p.jpg\" background_enable_image=\"on\" background_position=\"top_left\" background_enable_video_mp4=\"off\" background_enable_video_webm=\"off\" custom_button=\"on\" button_text_size=\"16px\" button_text_color=\"#ffffff\" button_border_color=\"#ffffff\" button_font=\"||||\" button_use_icon=\"off\" background_layout=\"light\" header_font_size_tablet=\"80px\" header_font_size_phone=\"50px\" header_font_size_last_edited=\"on|phone\" body_font_size_tablet=\"\" body_font_size_phone=\"\" body_font_size_last_edited=\"on|tablet\" body_line_height_tablet=\"1.5em\" body_line_height_phone=\"1.5em\" button_text_size_tablet=\"16px\" button_text_size_phone=\"16px\" button_text_size_last_edited=\"on|desktop\" text_shadow_style=\"preset2\" text_shadow_color=\"#FFFFFF\" button_text_color_hover=\"#666666\" button_bg_color_hover=\"#ffffff\" video_bg_mp4=\"http:\/\/ecole-peg.ch\/wp-content\/uploads\/2017\/02\/Office-Day-1080p.mp4\" video_bg_webm=\"http:\/\/ecole-peg.ch\/wp-content\/uploads\/2017\/02\/Office-Day-1080p.webm\" global_colors_info=\"{}\" button_text_size__hover_enabled=\"off\" button_one_text_size__hover_enabled=\"off\" button_two_text_size__hover_enabled=\"off\" button_text_color__hover_enabled=\"on\" button_text_color__hover=\"#666666\" button_one_text_color__hover_enabled=\"off\" button_two_text_color__hover_enabled=\"off\" button_border_width__hover_enabled=\"off\" button_one_border_width__hover_enabled=\"off\" button_two_border_width__hover_enabled=\"off\" button_border_color__hover_enabled=\"off\" button_one_border_color__hover_enabled=\"off\" button_two_border_color__hover_enabled=\"off\" button_border_radius__hover_enabled=\"off\" button_one_border_radius__hover_enabled=\"off\" button_two_border_radius__hover_enabled=\"off\" button_letter_spacing__hover_enabled=\"off\" button_one_letter_spacing__hover_enabled=\"off\" button_two_letter_spacing__hover_enabled=\"off\" button_bg_color__hover_enabled=\"on\" button_bg_color__hover=\"#ffffff\" button_one_bg_color__hover_enabled=\"off\" button_two_bg_color__hover_enabled=\"off\" sticky_transition=\"on\"]\n<div class=\"intro-layer animated fadeIn\" data-animation=\"fadeIn\">\n<h3 class=\" black  text-uppercase\t\t\t\t\t\t\t\t\t\t\t\">APPRENDRE LE FRAN\u00c7AIS\nDEVIENT UN PLAISIR<\/h3>\n<\/div>\n<div class=\"intro-layer animated fadeIn\" data-animation=\"fadeIn\">\n<p class=\"big   \t\t\t\t\t\t\t\t\t\t\t\">Depuis plus de 50 ans, une r\u00e9f\u00e9rence \u00e0 Gen\u00e8ve<\/p>\n<p class=\"big   \t\t\t\t\t\t\t\t\t\t\t\"><\/div>\n[\/et_pb_slide][\/et_pb_fullwidth_slider][\/et_pb_section][et_pb_section fb_built=\"1\" custom_padding_last_edited=\"on|desktop\" admin_label=\"section\" module_id=\"about\" _builder_version=\"4.16\" custom_padding=\"0px|0px|0px|0px\" custom_padding_tablet=\"\" custom_padding_phone=\"\" transparent_background=\"off\" make_fullwidth=\"off\" use_custom_width=\"off\" width_unit=\"off\" custom_width_px=\"1080px\" custom_width_percent=\"80%\" global_colors_info=\"{}\"][et_pb_row column_structure=\"1_2,1_2\" custom_padding_last_edited=\"on|phone\" admin_label=\"Ligne\" _builder_version=\"4.22.2\" background_image=\"https:\/\/ecole-peg.ch\/wp-content\/uploads\/2023\/10\/bg_map.jpg\" background_position=\"top_left\" background_repeat=\"repeat\" custom_padding=\"25px|25px|25px|25px|false|false\" custom_padding_tablet=\"100px|100px|100px|100px\" custom_padding_phone=\"100px|20px|100px|20px\" make_fullwidth=\"off\" use_custom_width=\"off\" width_unit=\"off\" custom_width_px=\"1080px\" custom_width_percent=\"80%\" global_colors_info=\"{}\"][et_pb_column type=\"1_2\" _builder_version=\"4.16\" custom_padding=\"|||\" global_colors_info=\"{}\" custom_padding__hover=\"|||\"][et_pb_image src=\"https:\/\/ecole-peg.ch\/wp-content\/uploads\/2023\/10\/AdobeStock_98312732.png\" title_text=\"AdobeStock_98312732\" _builder_version=\"4.22.2\" _module_preset=\"default\" global_colors_info=\"{}\"][\/et_pb_image][\/et_pb_column][et_pb_column type=\"1_2\" _builder_version=\"4.16\" custom_padding=\"|||\" global_colors_info=\"{}\" custom_padding__hover=\"|||\"][et_pb_text admin_label=\"Texte\" _builder_version=\"4.22.2\" text_line_height=\"1.5em\" background_size=\"initial\" background_position=\"top_left\" background_repeat=\"repeat\" module_alignment=\"center\" custom_margin=\"|||\" use_border_color=\"off\" border_style=\"solid\" global_colors_info=\"{}\"]<\/p>\n\n<h1 style=\"text-align: center;\">L'\u00c9COLE<\/h1>\nL\u2019\u00e9cole PEG est une \u00e9cole familiale fond\u00e9e en 1968\u00a0qui s\u2019est sp\u00e9cialis\u00e9e dans l\u2019enseignement du\u00a0Fran\u00e7ais Langue Etrang\u00e8re. R\u00e9put\u00e9e pour la qualit\u00e9 de son accueil et de son enseignement, notre \u00e9quipe\u00a0est compos\u00e9e de plusieurs\u00a0professeurs de fran\u00e7ais tous dipl\u00f4m\u00e9s et ayant plusieurs ann\u00e9es d\u2019exp\u00e9rience \u00e0 leur actif.\n\nNos points forts :\n\n&nbsp;\n<ul class=\"custom_list list_color1 \">\n \t<li>Notre expertise<\/li>\n \t<li>Notre m\u00e9thode<\/li>\n \t<li>Notre taux de r\u00e9ussite (100%)<\/li>\n<\/ul>\n[\/et_pb_text][et_pb_button button_url=\"\/ecole\/\" button_text=\"EN SAVOIR PLUS\" _builder_version=\"4.22.2\" _module_preset=\"default\" global_colors_info=\"{}\"][\/et_pb_button][\/et_pb_column][\/et_pb_row][\/et_pb_section][et_pb_section fb_built=\"1\" _builder_version=\"4.22.2\" _module_preset=\"default\" background_color=\"#000000\" use_background_color_gradient=\"on\" background_color_gradient_stops=\"rgba(0,0,0,0.7) 0%|rgba(0,0,0,0.7) 100%\" background_color_gradient_overlays_image=\"on\" background_image=\"https:\/\/ecole-peg.ch\/wp-content\/uploads\/2023\/10\/course_cat_bg.jpg\" parallax=\"on\" background_blend=\"luminosity\" custom_padding=\"100px||||false|false\" global_colors_info=\"{}\"][et_pb_row _builder_version=\"4.22.2\" _module_preset=\"default\" global_colors_info=\"{}\"][et_pb_column type=\"4_4\" _builder_version=\"4.22.2\" _module_preset=\"default\" global_colors_info=\"{}\"][et_pb_text _builder_version=\"4.22.2\" _module_preset=\"default\" header_3_font=\"|600|||||||\" header_3_text_align=\"center\" header_3_font_size=\"36px\" background_layout=\"dark\" global_colors_info=\"{}\"]\n<h3 class=\"text-center section_header\"><span class=\" bold text-uppercase\">D\u00c9COUVREZ NOS PROGRAMMES<\/span><\/h3>\n[\/et_pb_text][\/et_pb_column][\/et_pb_row][et_pb_row column_structure=\"1_4,1_4,1_4,1_4\" make_equal=\"on\" _builder_version=\"4.22.2\" _module_preset=\"default\" global_colors_info=\"{}\"][et_pb_column type=\"1_4\" _builder_version=\"4.22.2\" _module_preset=\"default\" global_colors_info=\"{}\"][et_pb_icon font_icon=\"&#xf185;||fa||900\" icon_color=\"#E85342\" icon_width=\"50px\" _builder_version=\"4.22.2\" _module_preset=\"default\" global_colors_info=\"{}\"][\/et_pb_icon][et_pb_text _builder_version=\"4.22.2\" _module_preset=\"default\" header_text_color=\"#E85342\" header_5_font=\"|600||on|||||\" header_5_text_color=\"#E85342\" header_5_font_size=\"18px\" text_orientation=\"center\" background_layout=\"dark\" global_colors_info=\"{}\"]\n<h5 class=\"accent1\">COURS EN JOURN\u00c9E<\/h5>\nCours<span>\u00a0<\/span><b>collectifs<\/b><span>\u00a0<\/span>intensifs ou semi-intensifs, le matin entre<span>\u00a0<\/span><b>09h et 12h<\/b><span>\u00a0<\/span>ou l\u2019apr\u00e8s-midi, entre<span>\u00a0<\/span><b>14h et 17h<\/b>,<span>\u00a0<\/span><b>selon votre niveau<\/b>.\n\n[\/et_pb_text][et_pb_button button_url=\"\/course-category\/cours-en-journee\/\" button_text=\"VOIR\" button_alignment=\"center\" _builder_version=\"4.22.2\" _module_preset=\"default\" custom_button=\"on\" button_text_size=\"15px\" button_text_color=\"#FFFFFF\" button_bg_color=\"#E85342\" button_border_width=\"0px\" custom_padding=\"15px|45px|15px|45px|false|false\" global_colors_info=\"{}\"][\/et_pb_button][\/et_pb_column][et_pb_column type=\"1_4\" _builder_version=\"4.22.2\" _module_preset=\"default\" global_colors_info=\"{}\"][et_pb_icon font_icon=\"&#xf186;||fa||400\" icon_color=\"#0C87C4\" icon_width=\"50px\" _builder_version=\"4.22.2\" _module_preset=\"default\" global_colors_info=\"{}\"][\/et_pb_icon][et_pb_text _builder_version=\"4.22.2\" _module_preset=\"default\" header_text_color=\"#E85342\" header_5_font=\"|600||on|||||\" header_5_text_color=\"#0C87C4\" header_5_font_size=\"18px\" text_orientation=\"center\" background_layout=\"dark\" global_colors_info=\"{}\"]\n<h5 class=\"accent2\">COURS DU SOIR<\/h5>\nCours de Fran\u00e7ais g\u00e9n\u00e9ral ou sur objectifs sp\u00e9cifiques pour un public<span>\u00a0<\/span><b>non disponible en journ\u00e9e<\/b>.\n\n[\/et_pb_text][et_pb_button button_url=\"\/course-category\/cours-du-soir\/\" button_text=\"VOIR\" button_alignment=\"center\" _builder_version=\"4.22.2\" _module_preset=\"default\" custom_button=\"on\" button_text_size=\"15px\" button_text_color=\"#FFFFFF\" button_bg_color=\"#E85342\" button_border_width=\"0px\" custom_padding=\"15px|45px|15px|45px|false|false\" global_colors_info=\"{}\"][\/et_pb_button][\/et_pb_column][et_pb_column type=\"1_4\" _builder_version=\"4.22.2\" _module_preset=\"default\" global_colors_info=\"{}\"][et_pb_icon font_icon=\"&#xf0c0;||fa||900\" icon_color=\"#34C663\" icon_width=\"50px\" _builder_version=\"4.22.2\" _module_preset=\"default\" global_colors_info=\"{}\"][\/et_pb_icon][et_pb_text _builder_version=\"4.22.2\" _module_preset=\"default\" header_5_font=\"|600||on|||||\" header_5_text_color=\"#34C663\" header_5_font_size=\"18px\" text_orientation=\"center\" background_layout=\"dark\" global_colors_info=\"{}\"]\n<h5 class=\"accent3\">COURS EN PETITS GROUPES<\/h5>\nGroupes de<span>\u00a0<\/span><b>3 \u00e0 5 participants<\/b>, en journ\u00e9e ou en soir\u00e9e, pour un public restreint avec des besoins particuliers.\n\n[\/et_pb_text][et_pb_button button_url=\"\/courses\/cours-en-petits-groupes\/\" button_text=\"VOIR\" button_alignment=\"center\" _builder_version=\"4.22.2\" _module_preset=\"default\" custom_button=\"on\" button_text_size=\"15px\" button_text_color=\"#FFFFFF\" button_bg_color=\"#E85342\" button_border_width=\"0px\" custom_padding=\"15px|45px|15px|45px|false|false\" global_colors_info=\"{}\"][\/et_pb_button][\/et_pb_column][et_pb_column type=\"1_4\" _builder_version=\"4.22.2\" _module_preset=\"default\" global_colors_info=\"{}\"][et_pb_icon font_icon=\"&#xf406;||fa||900\" icon_color=\"#F7C052\" icon_width=\"50px\" _builder_version=\"4.22.2\" _module_preset=\"default\" global_colors_info=\"{}\"][\/et_pb_icon][et_pb_text _builder_version=\"4.22.2\" _module_preset=\"default\" header_text_color=\"#E85342\" header_5_font=\"|600||on|||||\" header_5_text_color=\"#F7C052\" header_5_font_size=\"18px\" text_orientation=\"center\" background_layout=\"dark\" global_colors_info=\"{}\"]\n<h5 class=\"accent4\">COURS PRIV\u00c9S<\/h5>\nCours individuels<span>\u00a0<\/span><b>sur mesure<\/b>. Vous programmez vos cours en fonction de vos disponibilit\u00e9s.\n\n[\/et_pb_text][et_pb_button button_url=\"\/courses\/cours-prives\/\" button_text=\"VOIR\" button_alignment=\"center\" _builder_version=\"4.22.2\" _module_preset=\"default\" custom_button=\"on\" button_text_size=\"15px\" button_text_color=\"#FFFFFF\" button_bg_color=\"#E85342\" button_border_width=\"0px\" custom_padding=\"15px|45px|15px|45px|false|false\" global_colors_info=\"{}\"][\/et_pb_button][\/et_pb_column][\/et_pb_row][\/et_pb_section][et_pb_section fb_built=\"1\" admin_label=\"section\" _builder_version=\"4.16\" custom_padding=\"0px|0px|0px|0px\" transparent_background=\"off\" make_fullwidth=\"off\" use_custom_width=\"off\" width_unit=\"off\" custom_width_px=\"1080px\" custom_width_percent=\"80%\" global_colors_info=\"{}\"][et_pb_row custom_padding_last_edited=\"on|desktop\" admin_label=\"row\" _builder_version=\"4.16\" background_size=\"initial\" background_position=\"top_left\" background_repeat=\"repeat\" custom_padding=\"130px|0px|0px|0px\" custom_padding_tablet=\"\" custom_padding_phone=\"100px|20px|0px|20px\" make_fullwidth=\"off\" use_custom_width=\"off\" width_unit=\"off\" custom_width_px=\"1080px\" custom_width_percent=\"80%\" global_colors_info=\"{}\"][et_pb_column type=\"4_4\" _builder_version=\"4.16\" custom_padding=\"|||\" global_colors_info=\"{}\" custom_padding__hover=\"|||\"][et_pb_text _builder_version=\"4.22.2\" _module_preset=\"default\" global_colors_info=\"{}\"]\n<h4 class=\"text-center section_header\" style=\"text-align: center;\"><span class=\"  text-uppercase\"><span class=\"heading_subtitle\">SELON VOS DISPONIBILIT\u00c9S, VOTRE RYTHME ET VOS OBJECTIFS<\/span><\/span><\/h4>\n<h3 class=\"text-center section_header\" style=\"text-align: center;\"><span class=\"  text-uppercase\">CHOISISSEZ VOTRE COURS<\/span><\/h3>\n[\/et_pb_text][\/et_pb_column][\/et_pb_row][et_pb_row _builder_version=\"4.22.2\" _module_preset=\"default\" global_colors_info=\"{}\"][et_pb_column type=\"4_4\" _builder_version=\"4.22.2\" _module_preset=\"default\" global_colors_info=\"{}\"][et_pb_blog _builder_version=\"4.23\" _module_preset=\"default\" include_categories=\"7,90,89\" fullwidth=\"off\" show_author=\"off\" show_date=\"off\" show_categories=\"off\" excerpt_length=\"140\" hover_enabled=\"0\" sticky_enabled=\"0\"][\/et_pb_blog][\/et_pb_column][\/et_pb_row][\/et_pb_section][et_pb_section fb_built=\"1\" admin_label=\"section\" _builder_version=\"4.22.2\" use_background_color_gradient=\"on\" background_color_gradient_stops=\"rgba(0,0,0,0.75) 0%|rgba(0,0,0,0.73) 100%\" background_color_gradient_overlays_image=\"on\" background_image=\"https:\/\/ecole-peg.ch\/wp-content\/uploads\/2017\/02\/contact_gallery_1.jpg\" parallax=\"on\" width_unit=\"off\" global_colors_info=\"{}\"][et_pb_row admin_label=\"row\" _builder_version=\"4.16\" background_size=\"initial\" background_position=\"top_left\" background_repeat=\"repeat\" custom_padding=\"91px|0px|0px|0px\" make_fullwidth=\"off\" use_custom_width=\"off\" width_unit=\"off\" custom_width_px=\"1080px\" custom_width_percent=\"80%\" global_colors_info=\"{}\"][et_pb_column type=\"4_4\" _builder_version=\"4.16\" custom_padding=\"|||\" global_colors_info=\"{}\" custom_padding__hover=\"|||\"][et_pb_text admin_label=\"Texte\" _builder_version=\"4.22.2\" header_font=\"|600||on|||||\" header_text_color=\"#ffffff\" header_font_size=\"34px\" background_size=\"initial\" background_position=\"top_left\" background_repeat=\"repeat\" text_orientation=\"center\" module_alignment=\"center\" use_border_color=\"off\" border_style=\"solid\" global_colors_info=\"{}\"]\n<h1>T\u00e9moignages<\/h1>\n[\/et_pb_text][\/et_pb_column][\/et_pb_row][et_pb_row admin_label=\"row\" _builder_version=\"4.16\" background_size=\"initial\" background_position=\"top_left\" background_repeat=\"repeat\" custom_padding=\"30px|0px|90px|0px\" make_fullwidth=\"off\" use_custom_width=\"off\" width_unit=\"off\" custom_width_px=\"1080px\" custom_width_percent=\"80%\" global_colors_info=\"{}\"][et_pb_column type=\"4_4\" _builder_version=\"4.16\" custom_padding=\"|||\" global_colors_info=\"{}\" custom_padding__hover=\"|||\"][et_pb_slider arrows_custom_color=\"#E85342\" dot_nav_custom_color=\"#E85342\" _builder_version=\"4.22.2\" _module_preset=\"default\" custom_padding=\"0px||0px||false|false\" global_colors_info=\"{}\"][et_pb_slide _builder_version=\"4.22.2\" _module_preset=\"default\" header_level=\"h5\" header_text_color=\"#E85342\" body_font=\"||||||||\" background_color=\"rgba(126,190,197,0)\" background_enable_color=\"on\" global_colors_info=\"{}\" sticky_transition=\"on\"]\n\n<em>J\u2019ai pris des cours de fran\u00e7ais pour passer mon DELF B2 \u00e0 l\u2019\u00e9cole PEG o\u00f9 j\u2019ai rencontr\u00e9 une enseignante \u00e0 l\u2019\u00e9coute des \u00e9tudiants et tr\u00e8s capable sur le plan p\u00e9dagogique. De plus j\u2019ai obtenu toute l\u2019aide n\u00e9cessaire \u00e0 fin de r\u00e9soudre certaines d\u00e9marches administratives. J\u2019ai r\u00e9ussi l\u2019examen B2 et je me suis sentie tr\u00e8s \u00e0 l\u2019aise lors du passage de ce dernier. De ce fait, je recommande vivement cette \u00e9cole \u00e0 tous ceux qui veulent progresser en fran\u00e7ais.<\/em>\n\n<em><\/em>\n<h5><span style=\"color: #ff6600;\">ELAIME PEREZ<\/span><\/h5>\n<h6>FRAN\u00c7AIS INTENSIF - CUBA<\/h6>\n[\/et_pb_slide][et_pb_slide _builder_version=\"4.22.2\" _module_preset=\"default\" header_level=\"h5\" header_text_color=\"#E85342\" body_font=\"||||||||\" background_color=\"rgba(126,190,197,0)\" background_enable_color=\"on\" global_colors_info=\"{}\" sticky_transition=\"on\"]\n\n<span>J\u2019appr\u00e9cie l\u2019Ecole PEG pour une exp\u00e9rience d\u2019apprentissage unique. Ce sont les cours les plus informatifs et les plus interactifs auxquels j\u2019ai assist\u00e9. Ils m\u2019ont mis au d\u00e9fi et m\u2019ont pouss\u00e9 \u00e0 apprendre et \u00e0 am\u00e9liorer mon fran\u00e7ais. Les professeurs sont tellement sympas et exp\u00e9riment\u00e9s. J\u2019ai appris beaucoup de grammaire et de vocabulaire. Les \u00e9l\u00e8ves sont int\u00e9ress\u00e9s et motiv\u00e9s par les activit\u00e9s propos\u00e9es. L\u2019ambiance est agr\u00e9able et dynamique. Merci<\/span>\n\n<em><\/em>\n<h5><span style=\"color: #ff6600;\">HOA NGUYEN<\/span><\/h5>\n<h6>FRAN\u00c7AIS INTENSIF - VIETNAM<\/h6>\n[\/et_pb_slide][et_pb_slide _builder_version=\"4.22.2\" _module_preset=\"default\" header_level=\"h5\" header_text_color=\"#E85342\" body_font=\"||||||||\" background_color=\"rgba(126,190,197,0)\" background_enable_color=\"on\" global_colors_info=\"{}\" sticky_transition=\"on\"]\n\n<span>L\u2019\u00e9cole PEG c\u2019est un endroit o\u00f9 j\u2019ai eu l\u2019opportunit\u00e9 d\u2019apprendre le fran\u00e7ais mais plus que cela, j\u2019ai appris aussi \u00e0 appr\u00e9cier et \u00e0 aimer les autres cultures, l\u00e0-bas j\u2019ai pu voir le monde d\u2019une autre mani\u00e8re. C\u2019est plus qu\u2019une \u00e9cole, est un \u00e9tablissement o\u00f9 on gagne une nouvelle famille. On a l\u2019 occasion de nous int\u00e9grer dans une soci\u00e9t\u00e9 francophone vu que l\u2019\u00e9cole nous apprend la langue fran\u00e7aise avec beaucoup de comp\u00e9tence. Les professeurs sont excellents, ils vous encouragent \u00e0 avancer et \u00e0 croire en vous-m\u00eame, ils vous passent ainsi l\u2019assurance. En plus, on peut compter sur tous ceux qui travaillent l\u00e0-bas, ils sont toujours l\u00e0 pour nous conseiller et accueillir! Je vous remercie de tout mon c\u0153ur et je vous aime tellement, merci beaucoup.<\/span>\n\n<em><\/em>\n<h5><span style=\"color: #ff6600;\">CAROLINE SANTOS<\/span><\/h5>\n<h6>FRAN\u00c7AIS INTENSIF - BR\u00c9SIL<\/h6>\n[\/et_pb_slide][et_pb_slide _builder_version=\"4.22.2\" _module_preset=\"default\" header_level=\"h5\" header_text_color=\"#E85342\" body_font=\"||||||||\" background_color=\"rgba(126,190,197,0)\" background_enable_color=\"on\" global_colors_info=\"{}\" sticky_transition=\"on\"]\n\n<span>Je m\u2019appelle Sabina, je viens de Russie. Quand je suis arriv\u00e9e \u00e0 Gen\u00e8ve je n\u2019avais aucune notion de fran\u00e7ais. C\u2019est la raison pour laquelle je suis venue \u00e0 l\u2019\u00e9cole PEG. Maintenant, je suis tr\u00e8s contente de mon progr\u00e8s, parce que je suis en train de finir mon B2! Je voudrais remercier de tout c\u0153ur mes professeurs Ivana Benz et Kahina Nehar\u2026. notamment pour leur patience et professionnalisme.<\/span>\n\n<em><\/em>\n<h5><span style=\"color: #ff6600;\">SABINA IBRAIMOVA<\/span><\/h5>\n<h6>FRAN\u00c7AIS INTENSIF - RUSSIE<\/h6>\n[\/et_pb_slide][\/et_pb_slider][\/et_pb_column][\/et_pb_row][\/et_pb_section][et_pb_section fb_built=\"1\" admin_label=\"section\" module_id=\"team\" _builder_version=\"4.16\" custom_padding=\"0px|0px|30px|0px\" transparent_background=\"off\" make_fullwidth=\"off\" use_custom_width=\"off\" width_unit=\"off\" custom_width_px=\"1080px\" custom_width_percent=\"80%\" global_colors_info=\"{}\"][et_pb_row custom_padding_last_edited=\"on|phone\" admin_label=\"row\" _builder_version=\"4.16\" background_size=\"initial\" background_position=\"top_left\" background_repeat=\"repeat\" custom_padding=\"130px|180px|0px|180px\" custom_padding_tablet=\"100px|100px|0px|100px\" custom_padding_phone=\"100px|20px|0px|20px\" make_fullwidth=\"off\" use_custom_width=\"off\" width_unit=\"off\" custom_width_px=\"1080px\" custom_width_percent=\"80%\" global_colors_info=\"{}\"][et_pb_column type=\"4_4\" _builder_version=\"4.16\" custom_padding=\"|||\" global_colors_info=\"{}\" custom_padding__hover=\"|||\"][et_pb_text admin_label=\"Texte\" _builder_version=\"4.22.2\" text_line_height=\"1.5em\" background_size=\"initial\" background_position=\"top_left\" background_repeat=\"repeat\" text_orientation=\"center\" module_alignment=\"center\" use_border_color=\"off\" border_style=\"solid\" global_colors_info=\"{}\"]\n<h1 style=\"text-align: center;\">NOUVELLES<\/h1>\n[\/et_pb_text][\/et_pb_column][\/et_pb_row][et_pb_row custom_padding_last_edited=\"on|phone\" admin_label=\"row\" _builder_version=\"4.22.2\" background_size=\"initial\" background_position=\"top_left\" background_repeat=\"repeat\" max_width=\"80%\" custom_padding=\"50px||0px||false|false\" custom_padding_tablet=\"50px|100px|100px|100px\" custom_padding_phone=\"50px|20px|100px|20px\" make_fullwidth=\"off\" use_custom_width=\"on\" width_unit=\"off\" custom_width_px=\"1080px\" custom_width_percent=\"80%\" global_colors_info=\"{}\"][et_pb_column type=\"4_4\" _builder_version=\"4.16\" custom_padding=\"|||\" global_colors_info=\"{}\" custom_padding__hover=\"|||\"][et_pb_blog fullwidth=\"off\" posts_number=\"3\" include_categories=\"9,8\" show_more=\"on\" show_author=\"off\" show_pagination=\"off\" _builder_version=\"4.22.2\" _module_preset=\"default\" global_colors_info=\"{}\"][\/et_pb_blog][\/et_pb_column][\/et_pb_row][\/et_pb_section]","_et_gb_content_width":"","footnotes":""},"class_list":["post-29643","page","type-page","status-publish","hentry"],"_links":{"self":[{"href":"https:\/\/ecole-peg.ch\/es\/wp-json\/wp\/v2\/pages\/29643","targetHints":{"allow":["GET"]}}],"collection":[{"href":"https:\/\/ecole-peg.ch\/es\/wp-json\/wp\/v2\/pages"}],"about":[{"href":"https:\/\/ecole-peg.ch\/es\/wp-json\/wp\/v2\/types\/page"}],"author":[{"embeddable":true,"href":"https:\/\/ecole-peg.ch\/es\/wp-json\/wp\/v2\/users\/1"}],"replies":[{"embeddable":true,"href":"https:\/\/ecole-peg.ch\/es\/wp-json\/wp\/v2\/comments?post=29643"}],"version-history":[{"count":47,"href":"https:\/\/ecole-peg.ch\/es\/wp-json\/wp\/v2\/pages\/29643\/revisions"}],"predecessor-version":[{"id":32134,"href":"https:\/\/ecole-peg.ch\/es\/wp-json\/wp\/v2\/pages\/29643\/revisions\/32134"}],"wp:attachment":[{"href":"https:\/\/ecole-peg.ch\/es\/wp-json\/wp\/v2\/media?parent=29643"}],"curies":[{"name":"wp","href":"https:\/\/api.w.org\/{rel}","templated":true}]}}